{"version":"1.0","provider_name":"PROMIS","provider_url":"https:\/\/promis.qc.ca\/en\/","author_name":"Audace Marketing","author_url":"https:\/\/promis.qc.ca\/en\/author\/audace\/","title":"Conf\u00e9rence: 2026, ann\u00e9e \u00e9lectorale au Qu\u00e9bec | PROMIS","type":"rich","width":600,"height":338,"html":"<blockquote class=\"wp-embedded-content\" data-secret=\"LZpF4Y7OrJ\"><a href=\"https:\/\/promis.qc.ca\/en\/activities-calendar\/conference-2026-annee-electorale-au-quebec\/\">Conf\u00e9rence: 2026, ann\u00e9e \u00e9lectorale au Qu\u00e9bec<\/a><\/blockquote><iframe sandbox=\"allow-scripts\" security=\"restricted\" src=\"https:\/\/promis.qc.ca\/en\/activities-calendar\/conference-2026-annee-electorale-au-quebec\/embed\/#?secret=LZpF4Y7OrJ\" width=\"600\" height=\"338\" title=\"&#8220;Conf\u00e9rence: 2026, ann\u00e9e \u00e9lectorale au Qu\u00e9bec&#8221; &#8212; PROMIS\" data-secret=\"LZpF4Y7OrJ\" frameborder=\"0\" marginwidth=\"0\" marginheight=\"0\" scrolling=\"no\" class=\"wp-embedded-content\"><\/iframe><script type=\"text\/javascript\">\n\/* <![CDATA[ *\/\n\/*! This file is auto-generated *\/\n!function(d,l){\"use strict\";l.querySelector&&d.addEventListener&&\"undefined\"!=typeof URL&&(d.wp=d.wp||{},d.wp.receiveEmbedMessage||(d.wp.receiveEmbedMessage=function(e){var t=e.data;if((t||t.secret||t.message||t.value)&&!\/[^a-zA-Z0-9]\/.test(t.secret)){for(var s,r,n,a=l.querySelectorAll('iframe[data-secret=\"'+t.secret+'\"]'),o=l.querySelectorAll('blockquote[data-secret=\"'+t.secret+'\"]'),c=new RegExp(\"^https?:$\",\"i\"),i=0;i<o.length;i++)o[i].style.display=\"none\";for(i=0;i<a.length;i++)s=a[i],e.source===s.contentWindow&&(s.removeAttribute(\"style\"),\"height\"===t.message?(1e3<(r=parseInt(t.value,10))?r=1e3:~~r<200&&(r=200),s.height=r):\"link\"===t.message&&(r=new URL(s.getAttribute(\"src\")),n=new URL(t.value),c.test(n.protocol))&&n.host===r.host&&l.activeElement===s&&(d.top.location.href=t.value))}},d.addEventListener(\"message\",d.wp.receiveEmbedMessage,!1),l.addEventListener(\"DOMContentLoaded\",function(){for(var e,t,s=l.querySelectorAll(\"iframe.wp-embedded-content\"),r=0;r<s.length;r++)(t=(e=s[r]).getAttribute(\"data-secret\"))||(t=Math.random().toString(36).substring(2,12),e.src+=\"#?secret=\"+t,e.setAttribute(\"data-secret\",t)),e.contentWindow.postMessage({message:\"ready\",secret:t},\"*\")},!1)))}(window,document);\n\/* ]]> *\/\n<\/script>\n","thumbnail_url":"https:\/\/promis.qc.ca\/wp-content\/uploads\/2024\/12\/sintegrer-pour-rester-lorem-ipsum-dolor-sit-amet-consectetur-adipiscing-elit-quisque-laoreet-scelerisque-porttitor-vestibulum-metus-leo-aliquet-vitae-nisi-non-sodales-sodales-ipsum-sintegr.jpg","thumbnail_width":1600,"thumbnail_height":675,"description":"Jeudi le 16 avril, de 14 h \u00e0 16 h Aux \u00e9lections d\u2019octobre prochain, les \u00e9lecteurs pourront choisir parmi un nombre record de partis politiques susceptibles de faire \u00e9lire des d\u00e9put\u00e9s \u00e0 l\u2019Assembl\u00e9e nationale. On en profitera donc pour brosser le portrait historique de la sc\u00e8ne \u00e9lectorale, pour d\u00e9gager les grandes tendances depuis 1960 et [&hellip;]"}