{"id":4851,"date":"2025-11-06T14:02:20","date_gmt":"2025-11-06T19:02:20","guid":{"rendered":"https:\/\/promis.qc.ca\/calendrier-des-activites\/ateliers-d-information-et-d-introduction-a-l-entrepreneuriat-pour-immigrants\/"},"modified":"2025-11-06T14:09:57","modified_gmt":"2025-11-06T19:09:57","slug":"ateliers-d-information-et-d-introduction-a-l-entrepreneuriat-pour-immigrants","status":"publish","type":"mec-events","link":"https:\/\/promis.qc.ca\/en\/activities-calendar\/ateliers-d-information-et-d-introduction-a-l-entrepreneuriat-pour-immigrants\/","title":{"rendered":"Ateliers d\u2019information et d&#8217;introduction \u00e0 l&#8217;entrepreneuriat pour immigrants"},"content":{"rendered":"<table class=\"x_MsoNormalTable\" cellspacing=\"0\" cellpadding=\"0\">\n<tbody>\n<tr>\n<td class=\"x_MsoNormalTable\">\n<div>\n<p class=\"x_xmsonormal\">Dans le but de soutenir les personnes immigrantes dans le <b>pr\u00e9d\u00e9marrage de leur entreprise<\/b>, PROMIS offre des cours d\u2019introduction \u00e0 l&#8217;entrepreneuriat au Qu\u00e9bec pour immigrants. En proposant ces ateliers d\u2019information, de sensibilisation et de r\u00e9seautage, nous souhaitons encourager les id\u00e9es\u00a0novatrices et favoriser la cr\u00e9ation d\u2019entreprises\u00a0qui stimuleront l&#8217;\u00e9conomie locale.<\/p>\n<\/div>\n<\/td>\n<\/tr>\n<tr>\n<td class=\"x_MsoNormalTable\">\n<div>\n<p class=\"x_xmsonormal\"><b>La p\u00e9riode d&#8217;inscriptions pour la <u>session intensive<\/u>\u00a0est lanc\u00e9e ! (Bien lire la description)<\/b><\/p>\n<\/div>\n<div>\n<p class=\"x_xmsonormal\">Les ateliers intensifs seront offerts sur une p\u00e9riode de 2 semaines, \u00e0 raison de 4 avant-midis par semaine, du lundi au jeudi, de 9h \u00e0 12h.<\/p>\n<p>Pour compl\u00e9ter la formation, il faut donc participer aux 8 ateliers, ainsi que compl\u00e9ter les travaux.<\/p>\n<p>La formation sera organis\u00e9e en deux parties informatives, soit 4 ateliers d&#8217;introduction \u00e0 l&#8217;entrepreneuriat (semaine 1) et 4 ateliers d\u2019information sur le Business Model Canvas (semaine 2), mod\u00e8le d\u2019id\u00e9ation d\u2019affaires reconnu.<\/p>\n<p>Cette session intensive vous offrira toute l\u2019information n\u00e9cessaire afin de valider votre id\u00e9e d\u2019affaires, menant \u00e0 l\u2019\u00e9laboration de votre plan d\u2019affaires avec nos partenaires de d\u00e9veloppement d&#8217;affaires, outil n\u00e9cessaire au financement entrepreneurial.<\/p>\n<p><b>Les ateliers auront lieu les 24-25-26-27 novembre et 1-2-3-4 d\u00e9cembre, de 9h \u00e0 midi. Il s\u2019agit d\u2019une session intensive sur deux semaines.<\/b><\/p>\n<\/div>\n<\/td>\n<\/tr>\n<tr>\n<td class=\"x_MsoNormalTable\">\n<div>\n<p class=\"x_xmsonormal\"><b style=\"font-size: 0.9375rem;\">Faites vite, places limit\u00e9es.<\/b><\/p>\n<\/div>\n<\/td>\n<\/tr>\n<\/tbody>\n<\/table>\n<p><i>Pour participer, <a class=\"btn btn-secondary\" href=\"https:\/\/www.eventbrite.fr\/e\/entrepreneuriat-pour-immigrants-session-intensive-tickets-1962509936048?utm-campaign=social&amp;utm-content=attendeeshare&amp;utm-medium=discovery&amp;utm-term=listing&amp;utm-source=cp&amp;aff=ebdsshcopyurl\">cliquez ici.<\/a><\/i><\/p>","protected":false},"excerpt":{"rendered":"<p>Dans le but de soutenir les personnes immigrantes dans le pr\u00e9d\u00e9marrage de leur entreprise, PROMIS offre des cours d\u2019introduction \u00e0 l&#8217;entrepreneuriat au Qu\u00e9bec pour immigrants. En proposant ces ateliers d\u2019information, de sensibilisation et de r\u00e9seautage, nous souhaitons encourager les id\u00e9es\u00a0novatrices et favoriser la cr\u00e9ation d\u2019entreprises\u00a0qui stimuleront l&#8217;\u00e9conomie locale. La p\u00e9riode d&#8217;inscriptions pour la session intensive\u00a0est [&hellip;]<\/p>\n","protected":false},"author":3,"featured_media":4122,"comment_status":"closed","ping_status":"closed","template":"","tags":[],"mec_category":[70,64,68],"class_list":["post-4851","mec-events","type-mec-events","status-publish","has-post-thumbnail","hentry","mec_category-immigrant-entrepreneurship","mec_category-welcome-and-integration","mec_category-workshop"],"acf":[],"yoast_head":"<!-- This site is optimized with the Yoast SEO plugin v24.6 - https:\/\/yoast.com\/wordpress\/plugins\/seo\/ -->\n<title>Ateliers d\u2019information et d&#039;introduction \u00e0 l&#039;entrepreneuriat pour immigrants | PROMIS<\/title>\n<meta name=\"robots\" content=\"index, follow, max-snippet:-1, max-image-preview:large, max-video-preview:-1\" \/>\n<link rel=\"canonical\" href=\"https:\/\/promis.qc.ca\/en\/activities-calendar\/ateliers-d-information-et-d-introduction-a-l-entrepreneuriat-pour-immigrants\/\" \/>\n<meta property=\"og:locale\" content=\"en_US\" \/>\n<meta property=\"og:type\" content=\"article\" \/>\n<meta property=\"og:title\" content=\"Ateliers d\u2019information et d&#039;introduction \u00e0 l&#039;entrepreneuriat pour immigrants | PROMIS\" \/>\n<meta property=\"og:description\" content=\"Dans le but de soutenir les personnes immigrantes dans le pr\u00e9d\u00e9marrage de leur entreprise, PROMIS offre des cours d\u2019introduction \u00e0 l&#8217;entrepreneuriat au Qu\u00e9bec pour immigrants. En proposant ces ateliers d\u2019information, de sensibilisation et de r\u00e9seautage, nous souhaitons encourager les id\u00e9es\u00a0novatrices et favoriser la cr\u00e9ation d\u2019entreprises\u00a0qui stimuleront l&#8217;\u00e9conomie locale. La p\u00e9riode d&#8217;inscriptions pour la session intensive\u00a0est [&hellip;]\" \/>\n<meta property=\"og:url\" content=\"https:\/\/promis.qc.ca\/en\/activities-calendar\/ateliers-d-information-et-d-introduction-a-l-entrepreneuriat-pour-immigrants\/\" \/>\n<meta property=\"og:site_name\" content=\"PROMIS\" \/>\n<meta property=\"article:publisher\" content=\"https:\/\/www.facebook.com\/promisimmigration\" \/>\n<meta property=\"article:modified_time\" content=\"2025-11-06T19:09:57+00:00\" \/>\n<meta property=\"og:image\" content=\"https:\/\/promis.qc.ca\/wp-content\/uploads\/2025\/05\/2025-05-accompagne-projet-entrepreneurial-e1762456139493.jpg\" \/>\n\t<meta property=\"og:image:width\" content=\"1080\" \/>\n\t<meta property=\"og:image:height\" content=\"1080\" \/>\n\t<meta property=\"og:image:type\" content=\"image\/jpeg\" \/>\n<meta name=\"twitter:card\" content=\"summary_large_image\" \/>\n<meta name=\"twitter:label1\" content=\"Est. reading time\" \/>\n\t<meta name=\"twitter:data1\" content=\"2 minutes\" \/>\n<script type=\"application\/ld+json\" class=\"yoast-schema-graph\">{\"@context\":\"https:\/\/schema.org\",\"@graph\":[{\"@type\":\"WebPage\",\"@id\":\"https:\/\/promis.qc.ca\/en\/activities-calendar\/ateliers-d-information-et-d-introduction-a-l-entrepreneuriat-pour-immigrants\/\",\"url\":\"https:\/\/promis.qc.ca\/en\/activities-calendar\/ateliers-d-information-et-d-introduction-a-l-entrepreneuriat-pour-immigrants\/\",\"name\":\"Ateliers d\u2019information et d'introduction \u00e0 l'entrepreneuriat pour immigrants | PROMIS\",\"isPartOf\":{\"@id\":\"https:\/\/promis.qc.ca\/en\/#website\"},\"primaryImageOfPage\":{\"@id\":\"https:\/\/promis.qc.ca\/en\/activities-calendar\/ateliers-d-information-et-d-introduction-a-l-entrepreneuriat-pour-immigrants\/#primaryimage\"},\"image\":{\"@id\":\"https:\/\/promis.qc.ca\/en\/activities-calendar\/ateliers-d-information-et-d-introduction-a-l-entrepreneuriat-pour-immigrants\/#primaryimage\"},\"thumbnailUrl\":\"https:\/\/promis.qc.ca\/wp-content\/uploads\/2025\/05\/2025-05-accompagne-projet-entrepreneurial-e1762456139493.jpg\",\"datePublished\":\"2025-11-06T19:02:20+00:00\",\"dateModified\":\"2025-11-06T19:09:57+00:00\",\"breadcrumb\":{\"@id\":\"https:\/\/promis.qc.ca\/en\/activities-calendar\/ateliers-d-information-et-d-introduction-a-l-entrepreneuriat-pour-immigrants\/#breadcrumb\"},\"inLanguage\":\"en-US\",\"potentialAction\":[{\"@type\":\"ReadAction\",\"target\":[\"https:\/\/promis.qc.ca\/en\/activities-calendar\/ateliers-d-information-et-d-introduction-a-l-entrepreneuriat-pour-immigrants\/\"]}]},{\"@type\":\"ImageObject\",\"inLanguage\":\"en-US\",\"@id\":\"https:\/\/promis.qc.ca\/en\/activities-calendar\/ateliers-d-information-et-d-introduction-a-l-entrepreneuriat-pour-immigrants\/#primaryimage\",\"url\":\"https:\/\/promis.qc.ca\/wp-content\/uploads\/2025\/05\/2025-05-accompagne-projet-entrepreneurial-e1762456139493.jpg\",\"contentUrl\":\"https:\/\/promis.qc.ca\/wp-content\/uploads\/2025\/05\/2025-05-accompagne-projet-entrepreneurial-e1762456139493.jpg\",\"width\":1080,\"height\":1080},{\"@type\":\"BreadcrumbList\",\"@id\":\"https:\/\/promis.qc.ca\/en\/activities-calendar\/ateliers-d-information-et-d-introduction-a-l-entrepreneuriat-pour-immigrants\/#breadcrumb\",\"itemListElement\":[{\"@type\":\"ListItem\",\"position\":1,\"name\":\"Home\",\"item\":\"https:\/\/promis.qc.ca\/en\/\"},{\"@type\":\"ListItem\",\"position\":2,\"name\":\"Ateliers d\u2019information et d&rsquo;introduction \u00e0 l&rsquo;entrepreneuriat pour immigrants\"}]},{\"@type\":\"WebSite\",\"@id\":\"https:\/\/promis.qc.ca\/en\/#website\",\"url\":\"https:\/\/promis.qc.ca\/en\/\",\"name\":\"PROMIS\",\"description\":\"Assistance for immigrants and refugees in Montreal\",\"publisher\":{\"@id\":\"https:\/\/promis.qc.ca\/en\/#organization\"},\"potentialAction\":[{\"@type\":\"SearchAction\",\"target\":{\"@type\":\"EntryPoint\",\"urlTemplate\":\"https:\/\/promis.qc.ca\/en\/?s={search_term_string}\"},\"query-input\":{\"@type\":\"PropertyValueSpecification\",\"valueRequired\":true,\"valueName\":\"search_term_string\"}}],\"inLanguage\":\"en-US\"},{\"@type\":\"Organization\",\"@id\":\"https:\/\/promis.qc.ca\/en\/#organization\",\"name\":\"Promis\",\"url\":\"https:\/\/promis.qc.ca\/en\/\",\"logo\":{\"@type\":\"ImageObject\",\"inLanguage\":\"en-US\",\"@id\":\"https:\/\/promis.qc.ca\/en\/#\/schema\/logo\/image\/\",\"url\":\"https:\/\/promis.qc.ca\/wp-content\/uploads\/2024\/12\/anim-accueil-v2-3.svg\",\"contentUrl\":\"https:\/\/promis.qc.ca\/wp-content\/uploads\/2024\/12\/anim-accueil-v2-3.svg\",\"width\":1,\"height\":1,\"caption\":\"Promis\"},\"image\":{\"@id\":\"https:\/\/promis.qc.ca\/en\/#\/schema\/logo\/image\/\"},\"sameAs\":[\"https:\/\/www.facebook.com\/promisimmigration\"]}]}<\/script>\n<!-- \/ Yoast SEO plugin. -->","yoast_head_json":{"title":"Ateliers d\u2019information et d'introduction \u00e0 l'entrepreneuriat pour immigrants | PROMIS","robots":{"index":"index","follow":"follow","max-snippet":"max-snippet:-1","max-image-preview":"max-image-preview:large","max-video-preview":"max-video-preview:-1"},"canonical":"https:\/\/promis.qc.ca\/en\/activities-calendar\/ateliers-d-information-et-d-introduction-a-l-entrepreneuriat-pour-immigrants\/","og_locale":"en_US","og_type":"article","og_title":"Ateliers d\u2019information et d'introduction \u00e0 l'entrepreneuriat pour immigrants | PROMIS","og_description":"Dans le but de soutenir les personnes immigrantes dans le pr\u00e9d\u00e9marrage de leur entreprise, PROMIS offre des cours d\u2019introduction \u00e0 l&#8217;entrepreneuriat au Qu\u00e9bec pour immigrants. En proposant ces ateliers d\u2019information, de sensibilisation et de r\u00e9seautage, nous souhaitons encourager les id\u00e9es\u00a0novatrices et favoriser la cr\u00e9ation d\u2019entreprises\u00a0qui stimuleront l&#8217;\u00e9conomie locale. La p\u00e9riode d&#8217;inscriptions pour la session intensive\u00a0est [&hellip;]","og_url":"https:\/\/promis.qc.ca\/en\/activities-calendar\/ateliers-d-information-et-d-introduction-a-l-entrepreneuriat-pour-immigrants\/","og_site_name":"PROMIS","article_publisher":"https:\/\/www.facebook.com\/promisimmigration","article_modified_time":"2025-11-06T19:09:57+00:00","og_image":[{"width":1080,"height":1080,"url":"https:\/\/promis.qc.ca\/wp-content\/uploads\/2025\/05\/2025-05-accompagne-projet-entrepreneurial-e1762456139493.jpg","type":"image\/jpeg"}],"twitter_card":"summary_large_image","twitter_misc":{"Est. reading time":"2 minutes"},"schema":{"@context":"https:\/\/schema.org","@graph":[{"@type":"WebPage","@id":"https:\/\/promis.qc.ca\/en\/activities-calendar\/ateliers-d-information-et-d-introduction-a-l-entrepreneuriat-pour-immigrants\/","url":"https:\/\/promis.qc.ca\/en\/activities-calendar\/ateliers-d-information-et-d-introduction-a-l-entrepreneuriat-pour-immigrants\/","name":"Ateliers d\u2019information et d'introduction \u00e0 l'entrepreneuriat pour immigrants | PROMIS","isPartOf":{"@id":"https:\/\/promis.qc.ca\/en\/#website"},"primaryImageOfPage":{"@id":"https:\/\/promis.qc.ca\/en\/activities-calendar\/ateliers-d-information-et-d-introduction-a-l-entrepreneuriat-pour-immigrants\/#primaryimage"},"image":{"@id":"https:\/\/promis.qc.ca\/en\/activities-calendar\/ateliers-d-information-et-d-introduction-a-l-entrepreneuriat-pour-immigrants\/#primaryimage"},"thumbnailUrl":"https:\/\/promis.qc.ca\/wp-content\/uploads\/2025\/05\/2025-05-accompagne-projet-entrepreneurial-e1762456139493.jpg","datePublished":"2025-11-06T19:02:20+00:00","dateModified":"2025-11-06T19:09:57+00:00","breadcrumb":{"@id":"https:\/\/promis.qc.ca\/en\/activities-calendar\/ateliers-d-information-et-d-introduction-a-l-entrepreneuriat-pour-immigrants\/#breadcrumb"},"inLanguage":"en-US","potentialAction":[{"@type":"ReadAction","target":["https:\/\/promis.qc.ca\/en\/activities-calendar\/ateliers-d-information-et-d-introduction-a-l-entrepreneuriat-pour-immigrants\/"]}]},{"@type":"ImageObject","inLanguage":"en-US","@id":"https:\/\/promis.qc.ca\/en\/activities-calendar\/ateliers-d-information-et-d-introduction-a-l-entrepreneuriat-pour-immigrants\/#primaryimage","url":"https:\/\/promis.qc.ca\/wp-content\/uploads\/2025\/05\/2025-05-accompagne-projet-entrepreneurial-e1762456139493.jpg","contentUrl":"https:\/\/promis.qc.ca\/wp-content\/uploads\/2025\/05\/2025-05-accompagne-projet-entrepreneurial-e1762456139493.jpg","width":1080,"height":1080},{"@type":"BreadcrumbList","@id":"https:\/\/promis.qc.ca\/en\/activities-calendar\/ateliers-d-information-et-d-introduction-a-l-entrepreneuriat-pour-immigrants\/#breadcrumb","itemListElement":[{"@type":"ListItem","position":1,"name":"Home","item":"https:\/\/promis.qc.ca\/en\/"},{"@type":"ListItem","position":2,"name":"Ateliers d\u2019information et d&rsquo;introduction \u00e0 l&rsquo;entrepreneuriat pour immigrants"}]},{"@type":"WebSite","@id":"https:\/\/promis.qc.ca\/en\/#website","url":"https:\/\/promis.qc.ca\/en\/","name":"PROMIS","description":"Assistance for immigrants and refugees in Montreal","publisher":{"@id":"https:\/\/promis.qc.ca\/en\/#organization"},"potentialAction":[{"@type":"SearchAction","target":{"@type":"EntryPoint","urlTemplate":"https:\/\/promis.qc.ca\/en\/?s={search_term_string}"},"query-input":{"@type":"PropertyValueSpecification","valueRequired":true,"valueName":"search_term_string"}}],"inLanguage":"en-US"},{"@type":"Organization","@id":"https:\/\/promis.qc.ca\/en\/#organization","name":"Promis","url":"https:\/\/promis.qc.ca\/en\/","logo":{"@type":"ImageObject","inLanguage":"en-US","@id":"https:\/\/promis.qc.ca\/en\/#\/schema\/logo\/image\/","url":"https:\/\/promis.qc.ca\/wp-content\/uploads\/2024\/12\/anim-accueil-v2-3.svg","contentUrl":"https:\/\/promis.qc.ca\/wp-content\/uploads\/2024\/12\/anim-accueil-v2-3.svg","width":1,"height":1,"caption":"Promis"},"image":{"@id":"https:\/\/promis.qc.ca\/en\/#\/schema\/logo\/image\/"},"sameAs":["https:\/\/www.facebook.com\/promisimmigration"]}]}},"_links":{"self":[{"href":"https:\/\/promis.qc.ca\/en\/wp-json\/wp\/v2\/mec-events\/4851","targetHints":{"allow":["GET"]}}],"collection":[{"href":"https:\/\/promis.qc.ca\/en\/wp-json\/wp\/v2\/mec-events"}],"about":[{"href":"https:\/\/promis.qc.ca\/en\/wp-json\/wp\/v2\/types\/mec-events"}],"author":[{"embeddable":true,"href":"https:\/\/promis.qc.ca\/en\/wp-json\/wp\/v2\/users\/3"}],"replies":[{"embeddable":true,"href":"https:\/\/promis.qc.ca\/en\/wp-json\/wp\/v2\/comments?post=4851"}],"wp:featuredmedia":[{"embeddable":true,"href":"https:\/\/promis.qc.ca\/en\/wp-json\/wp\/v2\/media\/4122"}],"wp:attachment":[{"href":"https:\/\/promis.qc.ca\/en\/wp-json\/wp\/v2\/media?parent=4851"}],"wp:term":[{"taxonomy":"post_tag","embeddable":true,"href":"https:\/\/promis.qc.ca\/en\/wp-json\/wp\/v2\/tags?post=4851"},{"taxonomy":"mec_category","embeddable":true,"href":"https:\/\/promis.qc.ca\/en\/wp-json\/wp\/v2\/mec_category?post=4851"}],"curies":[{"name":"wp","href":"https:\/\/api.w.org\/{rel}","templated":true}]}}