{"id":5225,"date":"2026-03-04T13:30:06","date_gmt":"2026-03-04T18:30:06","guid":{"rendered":"https:\/\/promis.qc.ca\/calendrier-des-activites\/le-role-des-emeutes-dans-lhistoire-du-quebec\/"},"modified":"2026-03-04T13:30:06","modified_gmt":"2026-03-04T18:30:06","slug":"le-role-des-emeutes-dans-lhistoire-du-quebec","status":"publish","type":"mec-events","link":"https:\/\/promis.qc.ca\/en\/activities-calendar\/le-role-des-emeutes-dans-lhistoire-du-quebec\/","title":{"rendered":"Le r\u00f4le des \u00e9meutes dans l&#8217;histoire du Qu\u00e9bec"},"content":{"rendered":"<p><strong>Jeudi le 19 mars, de 14 h \u00e0 16 h<\/strong><\/p>\n<p>Le Qu\u00e9bec est l&#8217;une des soci\u00e9t\u00e9s les plus pacifistes au monde, o\u00f9 la violence contre les personnes est rarissime. Pourtant le Qu\u00e9bec a connu son lot d&#8217;\u00e9meutes et de troubles \u00e0 l&#8217;ordre public: patriotes en 1837, charivaris, \u00e9meutes contre l&#8217;enr\u00f4lement militaire, le FLQ et la Crise d&#8217;Octobre 1970 et, plus r\u00e9cemment en 2012, le &#8220;Printemps \u00e9rable&#8221; contre la hausse des frais de scolarit\u00e9. On verra qu&#8217;est-ce qui caract\u00e9rise chacun de ces mouvements, ce qu&#8217;ils ont en commun et le sort que l&#8217;Histoire leur a r\u00e9serv\u00e9 dans la m\u00e9moire populaire.<\/p>\n<p>Le conf\u00e9rencier : Gilles Laporte a longtemps enseign\u00e9 l\u2019histoire du Qu\u00e9bec \u00e0 l\u2019UQAM et au C\u00e9gep du Vieux Montr\u00e9al. Il est surtout connu pour ses interventions dans les m\u00e9dias sur des enjeux touchant l\u2019histoire politique, notamment chroniqueur r\u00e9gulier \u00e0 l\u2019\u00e9mission Aujourd\u2019hui l\u2019histoire de Radio-Canada. Sp\u00e9cialiste des r\u00e9bellions patriotes de 1837-1838, auxquelles il consacre depuis 1995 le plus vaste site web priv\u00e9 portant sur l\u2019histoire au Qu\u00e9bec (1837.qc.ca). Il est l\u2019auteur de nombreux ouvrages, dont Patriotes et Loyaux (Septentrion, 2004), Br\u00e8ve histoire des patriotes (Septentrion, 2015), Molson et le Qu\u00e9bec (Michel Br\u00fbl\u00e9, 2009), Fondements historiques du Qu\u00e9bec (Cheneli\u00e8re, 2013) et Infographies &#8211; Qu\u00e9bec, Le Qu\u00e9bec et son histoire en un coup d\u2019\u0153il (Septentrion, 2018). Son dernier livre est un roman historique intitul\u00e9 La victoire des patriotes (Gare au gorille, 2024). Gilles Laporte a \u00e9galement \u00e9t\u00e9 pr\u00e9sident du pr\u00e9sident du Mouvement national des Qu\u00e9b\u00e9cois, organisateur de la F\u00eate nationale (2014-2016), porte-parole de la Coalition pour l\u2019histoire depuis 2011, Patriote de l\u2019ann\u00e9e en 2012, r\u00e9cipiendaire du prix du Ministre pour le meilleur manuel (2013) et invit\u00e9 d\u2019honneur du Salon du livre de Montr\u00e9al (2015).<\/p>\n<p><strong>3333, chemin de la C\u00f4te Ste-Catherine Montr\u00e9al (Qu\u00e9bec) H3T 1C8<\/strong><\/p>\n<p><i>Pour participer, <a class=\"btn btn-secondary\" href=\"https:\/\/calendly.com\/frederic-poulin-promis\/le-role-des-emeutes-dans-l-histoire-du-quebec\" target=\"_blank\" rel=\"noopener\">cliquez ici.<\/a><\/i><\/p>","protected":false},"excerpt":{"rendered":"<p>Jeudi le 19 mars, de 14 h \u00e0 16 h Le Qu\u00e9bec est l&#8217;une des soci\u00e9t\u00e9s les plus pacifistes au monde, o\u00f9 la violence contre les personnes est rarissime. Pourtant le Qu\u00e9bec a connu son lot d&#8217;\u00e9meutes et de troubles \u00e0 l&#8217;ordre public: patriotes en 1837, charivaris, \u00e9meutes contre l&#8217;enr\u00f4lement militaire, le FLQ et la [&hellip;]<\/p>\n","protected":false},"author":3,"featured_media":5215,"comment_status":"closed","ping_status":"closed","template":"","tags":[],"mec_category":[69,64],"class_list":["post-5225","mec-events","type-mec-events","status-publish","has-post-thumbnail","hentry","mec_category-conference-en","mec_category-welcome-and-integration"],"acf":[],"yoast_head":"<!-- This site is optimized with the Yoast SEO plugin v24.6 - https:\/\/yoast.com\/wordpress\/plugins\/seo\/ -->\n<title>Le r\u00f4le des \u00e9meutes dans l&#039;histoire du Qu\u00e9bec | PROMIS<\/title>\n<meta name=\"robots\" content=\"index, follow, max-snippet:-1, max-image-preview:large, max-video-preview:-1\" \/>\n<link rel=\"canonical\" href=\"https:\/\/promis.qc.ca\/en\/activities-calendar\/le-role-des-emeutes-dans-lhistoire-du-quebec\/\" \/>\n<meta property=\"og:locale\" content=\"en_US\" \/>\n<meta property=\"og:type\" content=\"article\" \/>\n<meta property=\"og:title\" content=\"Le r\u00f4le des \u00e9meutes dans l&#039;histoire du Qu\u00e9bec | PROMIS\" \/>\n<meta property=\"og:description\" content=\"Jeudi le 19 mars, de 14 h \u00e0 16 h Le Qu\u00e9bec est l&#8217;une des soci\u00e9t\u00e9s les plus pacifistes au monde, o\u00f9 la violence contre les personnes est rarissime. Pourtant le Qu\u00e9bec a connu son lot d&#8217;\u00e9meutes et de troubles \u00e0 l&#8217;ordre public: patriotes en 1837, charivaris, \u00e9meutes contre l&#8217;enr\u00f4lement militaire, le FLQ et la [&hellip;]\" \/>\n<meta property=\"og:url\" content=\"https:\/\/promis.qc.ca\/en\/activities-calendar\/le-role-des-emeutes-dans-lhistoire-du-quebec\/\" \/>\n<meta property=\"og:site_name\" content=\"PROMIS\" \/>\n<meta property=\"article:publisher\" content=\"https:\/\/www.facebook.com\/promisimmigration\" \/>\n<meta property=\"og:image\" content=\"https:\/\/promis.qc.ca\/wp-content\/uploads\/2024\/12\/sintegrer-pour-rester-lorem-ipsum-dolor-sit-amet-consectetur-adipiscing-elit-quisque-laoreet-scelerisque-porttitor-vestibulum-metus-leo-aliquet-vitae-nisi-non-sodales-sodales-ipsum-sintegr.jpg\" \/>\n\t<meta property=\"og:image:width\" content=\"1600\" \/>\n\t<meta property=\"og:image:height\" content=\"675\" \/>\n\t<meta property=\"og:image:type\" content=\"image\/jpeg\" \/>\n<meta name=\"twitter:card\" content=\"summary_large_image\" \/>\n<meta name=\"twitter:label1\" content=\"Est. reading time\" \/>\n\t<meta name=\"twitter:data1\" content=\"2 minutes\" \/>\n<script type=\"application\/ld+json\" class=\"yoast-schema-graph\">{\"@context\":\"https:\/\/schema.org\",\"@graph\":[{\"@type\":\"WebPage\",\"@id\":\"https:\/\/promis.qc.ca\/en\/activities-calendar\/le-role-des-emeutes-dans-lhistoire-du-quebec\/\",\"url\":\"https:\/\/promis.qc.ca\/en\/activities-calendar\/le-role-des-emeutes-dans-lhistoire-du-quebec\/\",\"name\":\"Le r\u00f4le des \u00e9meutes dans l'histoire du Qu\u00e9bec | PROMIS\",\"isPartOf\":{\"@id\":\"https:\/\/promis.qc.ca\/en\/#website\"},\"primaryImageOfPage\":{\"@id\":\"https:\/\/promis.qc.ca\/en\/activities-calendar\/le-role-des-emeutes-dans-lhistoire-du-quebec\/#primaryimage\"},\"image\":{\"@id\":\"https:\/\/promis.qc.ca\/en\/activities-calendar\/le-role-des-emeutes-dans-lhistoire-du-quebec\/#primaryimage\"},\"thumbnailUrl\":\"https:\/\/promis.qc.ca\/wp-content\/uploads\/2026\/03\/1-activites-emeute.jpg\",\"datePublished\":\"2026-03-04T18:30:06+00:00\",\"breadcrumb\":{\"@id\":\"https:\/\/promis.qc.ca\/en\/activities-calendar\/le-role-des-emeutes-dans-lhistoire-du-quebec\/#breadcrumb\"},\"inLanguage\":\"en-US\",\"potentialAction\":[{\"@type\":\"ReadAction\",\"target\":[\"https:\/\/promis.qc.ca\/en\/activities-calendar\/le-role-des-emeutes-dans-lhistoire-du-quebec\/\"]}]},{\"@type\":\"ImageObject\",\"inLanguage\":\"en-US\",\"@id\":\"https:\/\/promis.qc.ca\/en\/activities-calendar\/le-role-des-emeutes-dans-lhistoire-du-quebec\/#primaryimage\",\"url\":\"https:\/\/promis.qc.ca\/wp-content\/uploads\/2026\/03\/1-activites-emeute.jpg\",\"contentUrl\":\"https:\/\/promis.qc.ca\/wp-content\/uploads\/2026\/03\/1-activites-emeute.jpg\",\"width\":600,\"height\":600},{\"@type\":\"BreadcrumbList\",\"@id\":\"https:\/\/promis.qc.ca\/en\/activities-calendar\/le-role-des-emeutes-dans-lhistoire-du-quebec\/#breadcrumb\",\"itemListElement\":[{\"@type\":\"ListItem\",\"position\":1,\"name\":\"Home\",\"item\":\"https:\/\/promis.qc.ca\/en\/\"},{\"@type\":\"ListItem\",\"position\":2,\"name\":\"Le r\u00f4le des \u00e9meutes dans l&rsquo;histoire du Qu\u00e9bec\"}]},{\"@type\":\"WebSite\",\"@id\":\"https:\/\/promis.qc.ca\/en\/#website\",\"url\":\"https:\/\/promis.qc.ca\/en\/\",\"name\":\"PROMIS\",\"description\":\"Assistance for immigrants and refugees in Montreal\",\"publisher\":{\"@id\":\"https:\/\/promis.qc.ca\/en\/#organization\"},\"potentialAction\":[{\"@type\":\"SearchAction\",\"target\":{\"@type\":\"EntryPoint\",\"urlTemplate\":\"https:\/\/promis.qc.ca\/en\/?s={search_term_string}\"},\"query-input\":{\"@type\":\"PropertyValueSpecification\",\"valueRequired\":true,\"valueName\":\"search_term_string\"}}],\"inLanguage\":\"en-US\"},{\"@type\":\"Organization\",\"@id\":\"https:\/\/promis.qc.ca\/en\/#organization\",\"name\":\"Promis\",\"url\":\"https:\/\/promis.qc.ca\/en\/\",\"logo\":{\"@type\":\"ImageObject\",\"inLanguage\":\"en-US\",\"@id\":\"https:\/\/promis.qc.ca\/en\/#\/schema\/logo\/image\/\",\"url\":\"https:\/\/promis.qc.ca\/wp-content\/uploads\/2024\/12\/anim-accueil-v2-3.svg\",\"contentUrl\":\"https:\/\/promis.qc.ca\/wp-content\/uploads\/2024\/12\/anim-accueil-v2-3.svg\",\"width\":1,\"height\":1,\"caption\":\"Promis\"},\"image\":{\"@id\":\"https:\/\/promis.qc.ca\/en\/#\/schema\/logo\/image\/\"},\"sameAs\":[\"https:\/\/www.facebook.com\/promisimmigration\"]}]}<\/script>\n<!-- \/ Yoast SEO plugin. -->","yoast_head_json":{"title":"Le r\u00f4le des \u00e9meutes dans l'histoire du Qu\u00e9bec | PROMIS","robots":{"index":"index","follow":"follow","max-snippet":"max-snippet:-1","max-image-preview":"max-image-preview:large","max-video-preview":"max-video-preview:-1"},"canonical":"https:\/\/promis.qc.ca\/en\/activities-calendar\/le-role-des-emeutes-dans-lhistoire-du-quebec\/","og_locale":"en_US","og_type":"article","og_title":"Le r\u00f4le des \u00e9meutes dans l'histoire du Qu\u00e9bec | PROMIS","og_description":"Jeudi le 19 mars, de 14 h \u00e0 16 h Le Qu\u00e9bec est l&#8217;une des soci\u00e9t\u00e9s les plus pacifistes au monde, o\u00f9 la violence contre les personnes est rarissime. Pourtant le Qu\u00e9bec a connu son lot d&#8217;\u00e9meutes et de troubles \u00e0 l&#8217;ordre public: patriotes en 1837, charivaris, \u00e9meutes contre l&#8217;enr\u00f4lement militaire, le FLQ et la [&hellip;]","og_url":"https:\/\/promis.qc.ca\/en\/activities-calendar\/le-role-des-emeutes-dans-lhistoire-du-quebec\/","og_site_name":"PROMIS","article_publisher":"https:\/\/www.facebook.com\/promisimmigration","og_image":[{"width":1600,"height":675,"url":"https:\/\/promis.qc.ca\/wp-content\/uploads\/2024\/12\/sintegrer-pour-rester-lorem-ipsum-dolor-sit-amet-consectetur-adipiscing-elit-quisque-laoreet-scelerisque-porttitor-vestibulum-metus-leo-aliquet-vitae-nisi-non-sodales-sodales-ipsum-sintegr.jpg","type":"image\/jpeg"}],"twitter_card":"summary_large_image","twitter_misc":{"Est. reading time":"2 minutes"},"schema":{"@context":"https:\/\/schema.org","@graph":[{"@type":"WebPage","@id":"https:\/\/promis.qc.ca\/en\/activities-calendar\/le-role-des-emeutes-dans-lhistoire-du-quebec\/","url":"https:\/\/promis.qc.ca\/en\/activities-calendar\/le-role-des-emeutes-dans-lhistoire-du-quebec\/","name":"Le r\u00f4le des \u00e9meutes dans l'histoire du Qu\u00e9bec | PROMIS","isPartOf":{"@id":"https:\/\/promis.qc.ca\/en\/#website"},"primaryImageOfPage":{"@id":"https:\/\/promis.qc.ca\/en\/activities-calendar\/le-role-des-emeutes-dans-lhistoire-du-quebec\/#primaryimage"},"image":{"@id":"https:\/\/promis.qc.ca\/en\/activities-calendar\/le-role-des-emeutes-dans-lhistoire-du-quebec\/#primaryimage"},"thumbnailUrl":"https:\/\/promis.qc.ca\/wp-content\/uploads\/2026\/03\/1-activites-emeute.jpg","datePublished":"2026-03-04T18:30:06+00:00","breadcrumb":{"@id":"https:\/\/promis.qc.ca\/en\/activities-calendar\/le-role-des-emeutes-dans-lhistoire-du-quebec\/#breadcrumb"},"inLanguage":"en-US","potentialAction":[{"@type":"ReadAction","target":["https:\/\/promis.qc.ca\/en\/activities-calendar\/le-role-des-emeutes-dans-lhistoire-du-quebec\/"]}]},{"@type":"ImageObject","inLanguage":"en-US","@id":"https:\/\/promis.qc.ca\/en\/activities-calendar\/le-role-des-emeutes-dans-lhistoire-du-quebec\/#primaryimage","url":"https:\/\/promis.qc.ca\/wp-content\/uploads\/2026\/03\/1-activites-emeute.jpg","contentUrl":"https:\/\/promis.qc.ca\/wp-content\/uploads\/2026\/03\/1-activites-emeute.jpg","width":600,"height":600},{"@type":"BreadcrumbList","@id":"https:\/\/promis.qc.ca\/en\/activities-calendar\/le-role-des-emeutes-dans-lhistoire-du-quebec\/#breadcrumb","itemListElement":[{"@type":"ListItem","position":1,"name":"Home","item":"https:\/\/promis.qc.ca\/en\/"},{"@type":"ListItem","position":2,"name":"Le r\u00f4le des \u00e9meutes dans l&rsquo;histoire du Qu\u00e9bec"}]},{"@type":"WebSite","@id":"https:\/\/promis.qc.ca\/en\/#website","url":"https:\/\/promis.qc.ca\/en\/","name":"PROMIS","description":"Assistance for immigrants and refugees in Montreal","publisher":{"@id":"https:\/\/promis.qc.ca\/en\/#organization"},"potentialAction":[{"@type":"SearchAction","target":{"@type":"EntryPoint","urlTemplate":"https:\/\/promis.qc.ca\/en\/?s={search_term_string}"},"query-input":{"@type":"PropertyValueSpecification","valueRequired":true,"valueName":"search_term_string"}}],"inLanguage":"en-US"},{"@type":"Organization","@id":"https:\/\/promis.qc.ca\/en\/#organization","name":"Promis","url":"https:\/\/promis.qc.ca\/en\/","logo":{"@type":"ImageObject","inLanguage":"en-US","@id":"https:\/\/promis.qc.ca\/en\/#\/schema\/logo\/image\/","url":"https:\/\/promis.qc.ca\/wp-content\/uploads\/2024\/12\/anim-accueil-v2-3.svg","contentUrl":"https:\/\/promis.qc.ca\/wp-content\/uploads\/2024\/12\/anim-accueil-v2-3.svg","width":1,"height":1,"caption":"Promis"},"image":{"@id":"https:\/\/promis.qc.ca\/en\/#\/schema\/logo\/image\/"},"sameAs":["https:\/\/www.facebook.com\/promisimmigration"]}]}},"_links":{"self":[{"href":"https:\/\/promis.qc.ca\/en\/wp-json\/wp\/v2\/mec-events\/5225","targetHints":{"allow":["GET"]}}],"collection":[{"href":"https:\/\/promis.qc.ca\/en\/wp-json\/wp\/v2\/mec-events"}],"about":[{"href":"https:\/\/promis.qc.ca\/en\/wp-json\/wp\/v2\/types\/mec-events"}],"author":[{"embeddable":true,"href":"https:\/\/promis.qc.ca\/en\/wp-json\/wp\/v2\/users\/3"}],"replies":[{"embeddable":true,"href":"https:\/\/promis.qc.ca\/en\/wp-json\/wp\/v2\/comments?post=5225"}],"wp:featuredmedia":[{"embeddable":true,"href":"https:\/\/promis.qc.ca\/en\/wp-json\/wp\/v2\/media\/5215"}],"wp:attachment":[{"href":"https:\/\/promis.qc.ca\/en\/wp-json\/wp\/v2\/media?parent=5225"}],"wp:term":[{"taxonomy":"post_tag","embeddable":true,"href":"https:\/\/promis.qc.ca\/en\/wp-json\/wp\/v2\/tags?post=5225"},{"taxonomy":"mec_category","embeddable":true,"href":"https:\/\/promis.qc.ca\/en\/wp-json\/wp\/v2\/mec_category?post=5225"}],"curies":[{"name":"wp","href":"https:\/\/api.w.org\/{rel}","templated":true}]}}