{"id":5227,"date":"2026-03-04T13:39:50","date_gmt":"2026-03-04T18:39:50","guid":{"rendered":"https:\/\/promis.qc.ca\/calendrier-des-activites\/vos-droits-et-responsabilites-en-cas-de-separation\/"},"modified":"2026-03-04T13:39:50","modified_gmt":"2026-03-04T18:39:50","slug":"vos-droits-et-responsabilites-en-cas-de-separation","status":"publish","type":"mec-events","link":"https:\/\/promis.qc.ca\/en\/activities-calendar\/vos-droits-et-responsabilites-en-cas-de-separation\/","title":{"rendered":"Vos droits et responsabilit\u00e9s en cas de s\u00e9paration"},"content":{"rendered":"<p><strong>Vendredi le 20 mars, de 14 h \u00e0 16 h<\/strong><\/p>\n<p>Se s\u00e9parer sans perdre ses rep\u00e8res : vos droits et responsabilit\u00e9s<\/p>\n<p>Cette conf\u00e9rence s\u2019adresse aux parents qui vivent une s\u00e9paration, un divorce ou la fin d\u2019une union de fait. Elle explique simplement comment se r\u00e9partissent les responsabilit\u00e9s parentales, la garde des enfants, la pension alimentaire et les allocations familiales au Qu\u00e9bec. L\u2019objectif est de vous donner des rep\u00e8res clairs pour prot\u00e9ger l\u2019int\u00e9r\u00eat de vos enfants et \u00e9viter les erreurs courantes apr\u00e8s une s\u00e9paration.<\/p>\n<p>Conf\u00e9renciers : \u00c9tudiants Pro Bono du Canada \u2014 Section Universit\u00e9 de Montr\u00e9al<\/p>\n<p>Personne contact : Vanessa Mae Guerrero<\/p>\n<p><strong>En ligne.<\/strong><\/p>\n<p><i>Pour participer, <a class=\"btn btn-secondary\" href=\"https:\/\/calendly.com\/vanessa-guerrero-promis\/vos-droits-et-responsabilites-en-cas-de-separation\" target=\"_blank\" rel=\"noopener\">cliquez ici.<\/a><\/i><\/p>","protected":false},"excerpt":{"rendered":"<p>Vendredi le 20 mars, de 14 h \u00e0 16 h Se s\u00e9parer sans perdre ses rep\u00e8res : vos droits et responsabilit\u00e9s Cette conf\u00e9rence s\u2019adresse aux parents qui vivent une s\u00e9paration, un divorce ou la fin d\u2019une union de fait. Elle explique simplement comment se r\u00e9partissent les responsabilit\u00e9s parentales, la garde des enfants, la pension alimentaire [&hellip;]<\/p>\n","protected":false},"author":3,"featured_media":5218,"comment_status":"closed","ping_status":"closed","template":"","tags":[],"mec_category":[69,64],"class_list":["post-5227","mec-events","type-mec-events","status-publish","has-post-thumbnail","hentry","mec_category-conference-en","mec_category-welcome-and-integration"],"acf":[],"yoast_head":"<!-- This site is optimized with the Yoast SEO plugin v24.6 - https:\/\/yoast.com\/wordpress\/plugins\/seo\/ -->\n<title>Vos droits et responsabilit\u00e9s en cas de s\u00e9paration | PROMIS<\/title>\n<meta name=\"robots\" content=\"index, follow, max-snippet:-1, max-image-preview:large, max-video-preview:-1\" \/>\n<link rel=\"canonical\" href=\"https:\/\/promis.qc.ca\/en\/activities-calendar\/vos-droits-et-responsabilites-en-cas-de-separation\/\" \/>\n<meta property=\"og:locale\" content=\"en_US\" \/>\n<meta property=\"og:type\" content=\"article\" \/>\n<meta property=\"og:title\" content=\"Vos droits et responsabilit\u00e9s en cas de s\u00e9paration | PROMIS\" \/>\n<meta property=\"og:description\" content=\"Vendredi le 20 mars, de 14 h \u00e0 16 h Se s\u00e9parer sans perdre ses rep\u00e8res : vos droits et responsabilit\u00e9s Cette conf\u00e9rence s\u2019adresse aux parents qui vivent une s\u00e9paration, un divorce ou la fin d\u2019une union de fait. Elle explique simplement comment se r\u00e9partissent les responsabilit\u00e9s parentales, la garde des enfants, la pension alimentaire [&hellip;]\" \/>\n<meta property=\"og:url\" content=\"https:\/\/promis.qc.ca\/en\/activities-calendar\/vos-droits-et-responsabilites-en-cas-de-separation\/\" \/>\n<meta property=\"og:site_name\" content=\"PROMIS\" \/>\n<meta property=\"article:publisher\" content=\"https:\/\/www.facebook.com\/promisimmigration\" \/>\n<meta property=\"og:image\" content=\"https:\/\/promis.qc.ca\/wp-content\/uploads\/2024\/12\/sintegrer-pour-rester-lorem-ipsum-dolor-sit-amet-consectetur-adipiscing-elit-quisque-laoreet-scelerisque-porttitor-vestibulum-metus-leo-aliquet-vitae-nisi-non-sodales-sodales-ipsum-sintegr.jpg\" \/>\n\t<meta property=\"og:image:width\" content=\"1600\" \/>\n\t<meta property=\"og:image:height\" content=\"675\" \/>\n\t<meta property=\"og:image:type\" content=\"image\/jpeg\" \/>\n<meta name=\"twitter:card\" content=\"summary_large_image\" \/>\n<meta name=\"twitter:label1\" content=\"Est. reading time\" \/>\n\t<meta name=\"twitter:data1\" content=\"1 minute\" \/>\n<script type=\"application\/ld+json\" class=\"yoast-schema-graph\">{\"@context\":\"https:\/\/schema.org\",\"@graph\":[{\"@type\":\"WebPage\",\"@id\":\"https:\/\/promis.qc.ca\/en\/activities-calendar\/vos-droits-et-responsabilites-en-cas-de-separation\/\",\"url\":\"https:\/\/promis.qc.ca\/en\/activities-calendar\/vos-droits-et-responsabilites-en-cas-de-separation\/\",\"name\":\"Vos droits et responsabilit\u00e9s en cas de s\u00e9paration | PROMIS\",\"isPartOf\":{\"@id\":\"https:\/\/promis.qc.ca\/en\/#website\"},\"primaryImageOfPage\":{\"@id\":\"https:\/\/promis.qc.ca\/en\/activities-calendar\/vos-droits-et-responsabilites-en-cas-de-separation\/#primaryimage\"},\"image\":{\"@id\":\"https:\/\/promis.qc.ca\/en\/activities-calendar\/vos-droits-et-responsabilites-en-cas-de-separation\/#primaryimage\"},\"thumbnailUrl\":\"https:\/\/promis.qc.ca\/wp-content\/uploads\/2026\/03\/2-activites-separation.jpg\",\"datePublished\":\"2026-03-04T18:39:50+00:00\",\"breadcrumb\":{\"@id\":\"https:\/\/promis.qc.ca\/en\/activities-calendar\/vos-droits-et-responsabilites-en-cas-de-separation\/#breadcrumb\"},\"inLanguage\":\"en-US\",\"potentialAction\":[{\"@type\":\"ReadAction\",\"target\":[\"https:\/\/promis.qc.ca\/en\/activities-calendar\/vos-droits-et-responsabilites-en-cas-de-separation\/\"]}]},{\"@type\":\"ImageObject\",\"inLanguage\":\"en-US\",\"@id\":\"https:\/\/promis.qc.ca\/en\/activities-calendar\/vos-droits-et-responsabilites-en-cas-de-separation\/#primaryimage\",\"url\":\"https:\/\/promis.qc.ca\/wp-content\/uploads\/2026\/03\/2-activites-separation.jpg\",\"contentUrl\":\"https:\/\/promis.qc.ca\/wp-content\/uploads\/2026\/03\/2-activites-separation.jpg\",\"width\":600,\"height\":600},{\"@type\":\"BreadcrumbList\",\"@id\":\"https:\/\/promis.qc.ca\/en\/activities-calendar\/vos-droits-et-responsabilites-en-cas-de-separation\/#breadcrumb\",\"itemListElement\":[{\"@type\":\"ListItem\",\"position\":1,\"name\":\"Home\",\"item\":\"https:\/\/promis.qc.ca\/en\/\"},{\"@type\":\"ListItem\",\"position\":2,\"name\":\"Vos droits et responsabilit\u00e9s en cas de s\u00e9paration\"}]},{\"@type\":\"WebSite\",\"@id\":\"https:\/\/promis.qc.ca\/en\/#website\",\"url\":\"https:\/\/promis.qc.ca\/en\/\",\"name\":\"PROMIS\",\"description\":\"Assistance for immigrants and refugees in Montreal\",\"publisher\":{\"@id\":\"https:\/\/promis.qc.ca\/en\/#organization\"},\"potentialAction\":[{\"@type\":\"SearchAction\",\"target\":{\"@type\":\"EntryPoint\",\"urlTemplate\":\"https:\/\/promis.qc.ca\/en\/?s={search_term_string}\"},\"query-input\":{\"@type\":\"PropertyValueSpecification\",\"valueRequired\":true,\"valueName\":\"search_term_string\"}}],\"inLanguage\":\"en-US\"},{\"@type\":\"Organization\",\"@id\":\"https:\/\/promis.qc.ca\/en\/#organization\",\"name\":\"Promis\",\"url\":\"https:\/\/promis.qc.ca\/en\/\",\"logo\":{\"@type\":\"ImageObject\",\"inLanguage\":\"en-US\",\"@id\":\"https:\/\/promis.qc.ca\/en\/#\/schema\/logo\/image\/\",\"url\":\"https:\/\/promis.qc.ca\/wp-content\/uploads\/2024\/12\/anim-accueil-v2-3.svg\",\"contentUrl\":\"https:\/\/promis.qc.ca\/wp-content\/uploads\/2024\/12\/anim-accueil-v2-3.svg\",\"width\":1,\"height\":1,\"caption\":\"Promis\"},\"image\":{\"@id\":\"https:\/\/promis.qc.ca\/en\/#\/schema\/logo\/image\/\"},\"sameAs\":[\"https:\/\/www.facebook.com\/promisimmigration\"]}]}<\/script>\n<!-- \/ Yoast SEO plugin. -->","yoast_head_json":{"title":"Vos droits et responsabilit\u00e9s en cas de s\u00e9paration | PROMIS","robots":{"index":"index","follow":"follow","max-snippet":"max-snippet:-1","max-image-preview":"max-image-preview:large","max-video-preview":"max-video-preview:-1"},"canonical":"https:\/\/promis.qc.ca\/en\/activities-calendar\/vos-droits-et-responsabilites-en-cas-de-separation\/","og_locale":"en_US","og_type":"article","og_title":"Vos droits et responsabilit\u00e9s en cas de s\u00e9paration | PROMIS","og_description":"Vendredi le 20 mars, de 14 h \u00e0 16 h Se s\u00e9parer sans perdre ses rep\u00e8res : vos droits et responsabilit\u00e9s Cette conf\u00e9rence s\u2019adresse aux parents qui vivent une s\u00e9paration, un divorce ou la fin d\u2019une union de fait. Elle explique simplement comment se r\u00e9partissent les responsabilit\u00e9s parentales, la garde des enfants, la pension alimentaire [&hellip;]","og_url":"https:\/\/promis.qc.ca\/en\/activities-calendar\/vos-droits-et-responsabilites-en-cas-de-separation\/","og_site_name":"PROMIS","article_publisher":"https:\/\/www.facebook.com\/promisimmigration","og_image":[{"width":1600,"height":675,"url":"https:\/\/promis.qc.ca\/wp-content\/uploads\/2024\/12\/sintegrer-pour-rester-lorem-ipsum-dolor-sit-amet-consectetur-adipiscing-elit-quisque-laoreet-scelerisque-porttitor-vestibulum-metus-leo-aliquet-vitae-nisi-non-sodales-sodales-ipsum-sintegr.jpg","type":"image\/jpeg"}],"twitter_card":"summary_large_image","twitter_misc":{"Est. reading time":"1 minute"},"schema":{"@context":"https:\/\/schema.org","@graph":[{"@type":"WebPage","@id":"https:\/\/promis.qc.ca\/en\/activities-calendar\/vos-droits-et-responsabilites-en-cas-de-separation\/","url":"https:\/\/promis.qc.ca\/en\/activities-calendar\/vos-droits-et-responsabilites-en-cas-de-separation\/","name":"Vos droits et responsabilit\u00e9s en cas de s\u00e9paration | PROMIS","isPartOf":{"@id":"https:\/\/promis.qc.ca\/en\/#website"},"primaryImageOfPage":{"@id":"https:\/\/promis.qc.ca\/en\/activities-calendar\/vos-droits-et-responsabilites-en-cas-de-separation\/#primaryimage"},"image":{"@id":"https:\/\/promis.qc.ca\/en\/activities-calendar\/vos-droits-et-responsabilites-en-cas-de-separation\/#primaryimage"},"thumbnailUrl":"https:\/\/promis.qc.ca\/wp-content\/uploads\/2026\/03\/2-activites-separation.jpg","datePublished":"2026-03-04T18:39:50+00:00","breadcrumb":{"@id":"https:\/\/promis.qc.ca\/en\/activities-calendar\/vos-droits-et-responsabilites-en-cas-de-separation\/#breadcrumb"},"inLanguage":"en-US","potentialAction":[{"@type":"ReadAction","target":["https:\/\/promis.qc.ca\/en\/activities-calendar\/vos-droits-et-responsabilites-en-cas-de-separation\/"]}]},{"@type":"ImageObject","inLanguage":"en-US","@id":"https:\/\/promis.qc.ca\/en\/activities-calendar\/vos-droits-et-responsabilites-en-cas-de-separation\/#primaryimage","url":"https:\/\/promis.qc.ca\/wp-content\/uploads\/2026\/03\/2-activites-separation.jpg","contentUrl":"https:\/\/promis.qc.ca\/wp-content\/uploads\/2026\/03\/2-activites-separation.jpg","width":600,"height":600},{"@type":"BreadcrumbList","@id":"https:\/\/promis.qc.ca\/en\/activities-calendar\/vos-droits-et-responsabilites-en-cas-de-separation\/#breadcrumb","itemListElement":[{"@type":"ListItem","position":1,"name":"Home","item":"https:\/\/promis.qc.ca\/en\/"},{"@type":"ListItem","position":2,"name":"Vos droits et responsabilit\u00e9s en cas de s\u00e9paration"}]},{"@type":"WebSite","@id":"https:\/\/promis.qc.ca\/en\/#website","url":"https:\/\/promis.qc.ca\/en\/","name":"PROMIS","description":"Assistance for immigrants and refugees in Montreal","publisher":{"@id":"https:\/\/promis.qc.ca\/en\/#organization"},"potentialAction":[{"@type":"SearchAction","target":{"@type":"EntryPoint","urlTemplate":"https:\/\/promis.qc.ca\/en\/?s={search_term_string}"},"query-input":{"@type":"PropertyValueSpecification","valueRequired":true,"valueName":"search_term_string"}}],"inLanguage":"en-US"},{"@type":"Organization","@id":"https:\/\/promis.qc.ca\/en\/#organization","name":"Promis","url":"https:\/\/promis.qc.ca\/en\/","logo":{"@type":"ImageObject","inLanguage":"en-US","@id":"https:\/\/promis.qc.ca\/en\/#\/schema\/logo\/image\/","url":"https:\/\/promis.qc.ca\/wp-content\/uploads\/2024\/12\/anim-accueil-v2-3.svg","contentUrl":"https:\/\/promis.qc.ca\/wp-content\/uploads\/2024\/12\/anim-accueil-v2-3.svg","width":1,"height":1,"caption":"Promis"},"image":{"@id":"https:\/\/promis.qc.ca\/en\/#\/schema\/logo\/image\/"},"sameAs":["https:\/\/www.facebook.com\/promisimmigration"]}]}},"_links":{"self":[{"href":"https:\/\/promis.qc.ca\/en\/wp-json\/wp\/v2\/mec-events\/5227","targetHints":{"allow":["GET"]}}],"collection":[{"href":"https:\/\/promis.qc.ca\/en\/wp-json\/wp\/v2\/mec-events"}],"about":[{"href":"https:\/\/promis.qc.ca\/en\/wp-json\/wp\/v2\/types\/mec-events"}],"author":[{"embeddable":true,"href":"https:\/\/promis.qc.ca\/en\/wp-json\/wp\/v2\/users\/3"}],"replies":[{"embeddable":true,"href":"https:\/\/promis.qc.ca\/en\/wp-json\/wp\/v2\/comments?post=5227"}],"wp:featuredmedia":[{"embeddable":true,"href":"https:\/\/promis.qc.ca\/en\/wp-json\/wp\/v2\/media\/5218"}],"wp:attachment":[{"href":"https:\/\/promis.qc.ca\/en\/wp-json\/wp\/v2\/media?parent=5227"}],"wp:term":[{"taxonomy":"post_tag","embeddable":true,"href":"https:\/\/promis.qc.ca\/en\/wp-json\/wp\/v2\/tags?post=5227"},{"taxonomy":"mec_category","embeddable":true,"href":"https:\/\/promis.qc.ca\/en\/wp-json\/wp\/v2\/mec_category?post=5227"}],"curies":[{"name":"wp","href":"https:\/\/api.w.org\/{rel}","templated":true}]}}