{"id":5282,"date":"2026-03-31T15:25:17","date_gmt":"2026-03-31T19:25:17","guid":{"rendered":"https:\/\/promis.qc.ca\/calendrier-des-activites\/conference-2026-annee-electorale-au-quebec\/"},"modified":"2026-03-31T15:25:17","modified_gmt":"2026-03-31T19:25:17","slug":"conference-2026-annee-electorale-au-quebec","status":"publish","type":"mec-events","link":"https:\/\/promis.qc.ca\/en\/activities-calendar\/conference-2026-annee-electorale-au-quebec\/","title":{"rendered":"Conf\u00e9rence: 2026, ann\u00e9e \u00e9lectorale au Qu\u00e9bec"},"content":{"rendered":"<p><strong>Jeudi le 16 avril, de 14 h \u00e0 16 h<\/strong><\/p>\n<p>Aux \u00e9lections d\u2019octobre prochain, les \u00e9lecteurs pourront choisir parmi un nombre record de partis politiques susceptibles de faire \u00e9lire des d\u00e9put\u00e9s \u00e0 l\u2019Assembl\u00e9e nationale.<\/p>\n<p>On en profitera donc pour brosser le portrait historique de la sc\u00e8ne \u00e9lectorale, pour d\u00e9gager les grandes tendances depuis 1960 et pour retracer l\u2019origine des partis actuels, du plus ancien au plus r\u00e9cent: le Parti lib\u00e9ral, le Parti Qu\u00e9b\u00e9cois, Qu\u00e9bec-Solidaire, la Coalition avenir Qu\u00e9bec et le Parti conservateur du Qu\u00e9bec.<\/p>\n<p>On se penchera enfin sur la situation \u00e0 Montr\u00e9al ou se pose en particulier l\u2019enjeu du vote des \u00e9lecteurs issus de l\u2019immigration.<\/p>\n<p><strong>Le conf\u00e9rencier :<\/strong><\/p>\n<p>Gilles Laporte a longtemps enseign\u00e9 l\u2019histoire du Qu\u00e9bec \u00e0 l\u2019UQAM et au C\u00e9gep du Vieux Montr\u00e9al. Il est surtout connu pour ses interventions dans les m\u00e9dias sur des enjeux touchant l\u2019histoire politique, notamment chroniqueur r\u00e9gulier \u00e0 l\u2019\u00e9mission Aujourd\u2019hui l\u2019histoire de Radio-Canada. Sp\u00e9cialiste des r\u00e9bellions patriotes de 1837-1838, auxquelles il consacre depuis 1995 le plus vaste site web priv\u00e9 portant sur l\u2019histoire au Qu\u00e9bec (1837.qc.ca). Il est l\u2019auteur de nombreux ouvrages, dont Patriotes et Loyaux (Septentrion, 2004), Br\u00e8ve histoire des patriotes (Septentrion, 2015), Molson et le Qu\u00e9bec (Michel Br\u00fbl\u00e9, 2009), Fondements historiques du Qu\u00e9bec (Cheneli\u00e8re, 2013) et Infographies \u2013 Qu\u00e9bec, Le Qu\u00e9bec et son histoire en un coup d\u2019\u0153il (Septentrion, 2018). Son dernier livre est un roman historique intitul\u00e9 La victoire des patriotes (Gare au gorille, 2024). Gilles Laporte a \u00e9galement \u00e9t\u00e9 pr\u00e9sident du pr\u00e9sident du Mouvement national des Qu\u00e9b\u00e9cois, organisateur de la F\u00eate nationale (2014-2016), porte-parole de la Coalition pour l\u2019histoire depuis 2011, Patriote de l\u2019ann\u00e9e en 2012, r\u00e9cipiendaire du prix du Ministre pour le meilleur manuel (2013) et invit\u00e9 d\u2019honneur du Salon du livre de Montr\u00e9al (2015).<\/p>\n<p>Personne contact : Fr\u00e9d\u00e9ric Poulin<\/p>\n<p><strong>3333 Chemin de la C\u00f4te-Sainte-Catherine Montr\u00e9al, QC H3T 1C8<\/strong><\/p>\n<p><i>Pour participer, <a class=\"btn btn-secondary\" href=\"https:\/\/calendly.com\/frederic-poulin-promis\/conference-2026-annee-electorale-au-quebec?month=2026-04&amp;date=2026-04-16\" target=\"_blank\" rel=\"noopener\">cliquez ici.<\/a><\/i><\/p>","protected":false},"excerpt":{"rendered":"<p>Jeudi le 16 avril, de 14 h \u00e0 16 h Aux \u00e9lections d\u2019octobre prochain, les \u00e9lecteurs pourront choisir parmi un nombre record de partis politiques susceptibles de faire \u00e9lire des d\u00e9put\u00e9s \u00e0 l\u2019Assembl\u00e9e nationale. On en profitera donc pour brosser le portrait historique de la sc\u00e8ne \u00e9lectorale, pour d\u00e9gager les grandes tendances depuis 1960 et [&hellip;]<\/p>\n","protected":false},"author":3,"featured_media":5277,"comment_status":"closed","ping_status":"closed","template":"","tags":[],"mec_category":[69,64],"class_list":["post-5282","mec-events","type-mec-events","status-publish","has-post-thumbnail","hentry","mec_category-conference-en","mec_category-welcome-and-integration"],"acf":[],"yoast_head":"<!-- This site is optimized with the Yoast SEO plugin v24.6 - https:\/\/yoast.com\/wordpress\/plugins\/seo\/ -->\n<title>Conf\u00e9rence: 2026, ann\u00e9e \u00e9lectorale au Qu\u00e9bec | PROMIS<\/title>\n<meta name=\"robots\" content=\"index, follow, max-snippet:-1, max-image-preview:large, max-video-preview:-1\" \/>\n<link rel=\"canonical\" href=\"https:\/\/promis.qc.ca\/en\/activities-calendar\/conference-2026-annee-electorale-au-quebec\/\" \/>\n<meta property=\"og:locale\" content=\"en_US\" \/>\n<meta property=\"og:type\" content=\"article\" \/>\n<meta property=\"og:title\" content=\"Conf\u00e9rence: 2026, ann\u00e9e \u00e9lectorale au Qu\u00e9bec | PROMIS\" \/>\n<meta property=\"og:description\" content=\"Jeudi le 16 avril, de 14 h \u00e0 16 h Aux \u00e9lections d\u2019octobre prochain, les \u00e9lecteurs pourront choisir parmi un nombre record de partis politiques susceptibles de faire \u00e9lire des d\u00e9put\u00e9s \u00e0 l\u2019Assembl\u00e9e nationale. On en profitera donc pour brosser le portrait historique de la sc\u00e8ne \u00e9lectorale, pour d\u00e9gager les grandes tendances depuis 1960 et [&hellip;]\" \/>\n<meta property=\"og:url\" content=\"https:\/\/promis.qc.ca\/en\/activities-calendar\/conference-2026-annee-electorale-au-quebec\/\" \/>\n<meta property=\"og:site_name\" content=\"PROMIS\" \/>\n<meta property=\"article:publisher\" content=\"https:\/\/www.facebook.com\/promisimmigration\" \/>\n<meta property=\"og:image\" content=\"https:\/\/promis.qc.ca\/wp-content\/uploads\/2024\/12\/sintegrer-pour-rester-lorem-ipsum-dolor-sit-amet-consectetur-adipiscing-elit-quisque-laoreet-scelerisque-porttitor-vestibulum-metus-leo-aliquet-vitae-nisi-non-sodales-sodales-ipsum-sintegr.jpg\" \/>\n\t<meta property=\"og:image:width\" content=\"1600\" \/>\n\t<meta property=\"og:image:height\" content=\"675\" \/>\n\t<meta property=\"og:image:type\" content=\"image\/jpeg\" \/>\n<meta name=\"twitter:card\" content=\"summary_large_image\" \/>\n<meta name=\"twitter:label1\" content=\"Est. reading time\" \/>\n\t<meta name=\"twitter:data1\" content=\"2 minutes\" \/>\n<script type=\"application\/ld+json\" class=\"yoast-schema-graph\">{\"@context\":\"https:\/\/schema.org\",\"@graph\":[{\"@type\":\"WebPage\",\"@id\":\"https:\/\/promis.qc.ca\/en\/activities-calendar\/conference-2026-annee-electorale-au-quebec\/\",\"url\":\"https:\/\/promis.qc.ca\/en\/activities-calendar\/conference-2026-annee-electorale-au-quebec\/\",\"name\":\"Conf\u00e9rence: 2026, ann\u00e9e \u00e9lectorale au Qu\u00e9bec | PROMIS\",\"isPartOf\":{\"@id\":\"https:\/\/promis.qc.ca\/en\/#website\"},\"primaryImageOfPage\":{\"@id\":\"https:\/\/promis.qc.ca\/en\/activities-calendar\/conference-2026-annee-electorale-au-quebec\/#primaryimage\"},\"image\":{\"@id\":\"https:\/\/promis.qc.ca\/en\/activities-calendar\/conference-2026-annee-electorale-au-quebec\/#primaryimage\"},\"thumbnailUrl\":\"https:\/\/promis.qc.ca\/wp-content\/uploads\/2026\/03\/conference-2026-annee-electorale.jpeg\",\"datePublished\":\"2026-03-31T19:25:17+00:00\",\"breadcrumb\":{\"@id\":\"https:\/\/promis.qc.ca\/en\/activities-calendar\/conference-2026-annee-electorale-au-quebec\/#breadcrumb\"},\"inLanguage\":\"en-US\",\"potentialAction\":[{\"@type\":\"ReadAction\",\"target\":[\"https:\/\/promis.qc.ca\/en\/activities-calendar\/conference-2026-annee-electorale-au-quebec\/\"]}]},{\"@type\":\"ImageObject\",\"inLanguage\":\"en-US\",\"@id\":\"https:\/\/promis.qc.ca\/en\/activities-calendar\/conference-2026-annee-electorale-au-quebec\/#primaryimage\",\"url\":\"https:\/\/promis.qc.ca\/wp-content\/uploads\/2026\/03\/conference-2026-annee-electorale.jpeg\",\"contentUrl\":\"https:\/\/promis.qc.ca\/wp-content\/uploads\/2026\/03\/conference-2026-annee-electorale.jpeg\",\"width\":1000,\"height\":1000},{\"@type\":\"BreadcrumbList\",\"@id\":\"https:\/\/promis.qc.ca\/en\/activities-calendar\/conference-2026-annee-electorale-au-quebec\/#breadcrumb\",\"itemListElement\":[{\"@type\":\"ListItem\",\"position\":1,\"name\":\"Home\",\"item\":\"https:\/\/promis.qc.ca\/en\/\"},{\"@type\":\"ListItem\",\"position\":2,\"name\":\"Conf\u00e9rence: 2026, ann\u00e9e \u00e9lectorale au Qu\u00e9bec\"}]},{\"@type\":\"WebSite\",\"@id\":\"https:\/\/promis.qc.ca\/en\/#website\",\"url\":\"https:\/\/promis.qc.ca\/en\/\",\"name\":\"PROMIS\",\"description\":\"Assistance for immigrants and refugees in Montreal\",\"publisher\":{\"@id\":\"https:\/\/promis.qc.ca\/en\/#organization\"},\"potentialAction\":[{\"@type\":\"SearchAction\",\"target\":{\"@type\":\"EntryPoint\",\"urlTemplate\":\"https:\/\/promis.qc.ca\/en\/?s={search_term_string}\"},\"query-input\":{\"@type\":\"PropertyValueSpecification\",\"valueRequired\":true,\"valueName\":\"search_term_string\"}}],\"inLanguage\":\"en-US\"},{\"@type\":\"Organization\",\"@id\":\"https:\/\/promis.qc.ca\/en\/#organization\",\"name\":\"Promis\",\"url\":\"https:\/\/promis.qc.ca\/en\/\",\"logo\":{\"@type\":\"ImageObject\",\"inLanguage\":\"en-US\",\"@id\":\"https:\/\/promis.qc.ca\/en\/#\/schema\/logo\/image\/\",\"url\":\"https:\/\/promis.qc.ca\/wp-content\/uploads\/2024\/12\/anim-accueil-v2-3.svg\",\"contentUrl\":\"https:\/\/promis.qc.ca\/wp-content\/uploads\/2024\/12\/anim-accueil-v2-3.svg\",\"width\":1,\"height\":1,\"caption\":\"Promis\"},\"image\":{\"@id\":\"https:\/\/promis.qc.ca\/en\/#\/schema\/logo\/image\/\"},\"sameAs\":[\"https:\/\/www.facebook.com\/promisimmigration\"]}]}<\/script>\n<!-- \/ Yoast SEO plugin. -->","yoast_head_json":{"title":"Conf\u00e9rence: 2026, ann\u00e9e \u00e9lectorale au Qu\u00e9bec | PROMIS","robots":{"index":"index","follow":"follow","max-snippet":"max-snippet:-1","max-image-preview":"max-image-preview:large","max-video-preview":"max-video-preview:-1"},"canonical":"https:\/\/promis.qc.ca\/en\/activities-calendar\/conference-2026-annee-electorale-au-quebec\/","og_locale":"en_US","og_type":"article","og_title":"Conf\u00e9rence: 2026, ann\u00e9e \u00e9lectorale au Qu\u00e9bec | PROMIS","og_description":"Jeudi le 16 avril, de 14 h \u00e0 16 h Aux \u00e9lections d\u2019octobre prochain, les \u00e9lecteurs pourront choisir parmi un nombre record de partis politiques susceptibles de faire \u00e9lire des d\u00e9put\u00e9s \u00e0 l\u2019Assembl\u00e9e nationale. On en profitera donc pour brosser le portrait historique de la sc\u00e8ne \u00e9lectorale, pour d\u00e9gager les grandes tendances depuis 1960 et [&hellip;]","og_url":"https:\/\/promis.qc.ca\/en\/activities-calendar\/conference-2026-annee-electorale-au-quebec\/","og_site_name":"PROMIS","article_publisher":"https:\/\/www.facebook.com\/promisimmigration","og_image":[{"width":1600,"height":675,"url":"https:\/\/promis.qc.ca\/wp-content\/uploads\/2024\/12\/sintegrer-pour-rester-lorem-ipsum-dolor-sit-amet-consectetur-adipiscing-elit-quisque-laoreet-scelerisque-porttitor-vestibulum-metus-leo-aliquet-vitae-nisi-non-sodales-sodales-ipsum-sintegr.jpg","type":"image\/jpeg"}],"twitter_card":"summary_large_image","twitter_misc":{"Est. reading time":"2 minutes"},"schema":{"@context":"https:\/\/schema.org","@graph":[{"@type":"WebPage","@id":"https:\/\/promis.qc.ca\/en\/activities-calendar\/conference-2026-annee-electorale-au-quebec\/","url":"https:\/\/promis.qc.ca\/en\/activities-calendar\/conference-2026-annee-electorale-au-quebec\/","name":"Conf\u00e9rence: 2026, ann\u00e9e \u00e9lectorale au Qu\u00e9bec | PROMIS","isPartOf":{"@id":"https:\/\/promis.qc.ca\/en\/#website"},"primaryImageOfPage":{"@id":"https:\/\/promis.qc.ca\/en\/activities-calendar\/conference-2026-annee-electorale-au-quebec\/#primaryimage"},"image":{"@id":"https:\/\/promis.qc.ca\/en\/activities-calendar\/conference-2026-annee-electorale-au-quebec\/#primaryimage"},"thumbnailUrl":"https:\/\/promis.qc.ca\/wp-content\/uploads\/2026\/03\/conference-2026-annee-electorale.jpeg","datePublished":"2026-03-31T19:25:17+00:00","breadcrumb":{"@id":"https:\/\/promis.qc.ca\/en\/activities-calendar\/conference-2026-annee-electorale-au-quebec\/#breadcrumb"},"inLanguage":"en-US","potentialAction":[{"@type":"ReadAction","target":["https:\/\/promis.qc.ca\/en\/activities-calendar\/conference-2026-annee-electorale-au-quebec\/"]}]},{"@type":"ImageObject","inLanguage":"en-US","@id":"https:\/\/promis.qc.ca\/en\/activities-calendar\/conference-2026-annee-electorale-au-quebec\/#primaryimage","url":"https:\/\/promis.qc.ca\/wp-content\/uploads\/2026\/03\/conference-2026-annee-electorale.jpeg","contentUrl":"https:\/\/promis.qc.ca\/wp-content\/uploads\/2026\/03\/conference-2026-annee-electorale.jpeg","width":1000,"height":1000},{"@type":"BreadcrumbList","@id":"https:\/\/promis.qc.ca\/en\/activities-calendar\/conference-2026-annee-electorale-au-quebec\/#breadcrumb","itemListElement":[{"@type":"ListItem","position":1,"name":"Home","item":"https:\/\/promis.qc.ca\/en\/"},{"@type":"ListItem","position":2,"name":"Conf\u00e9rence: 2026, ann\u00e9e \u00e9lectorale au Qu\u00e9bec"}]},{"@type":"WebSite","@id":"https:\/\/promis.qc.ca\/en\/#website","url":"https:\/\/promis.qc.ca\/en\/","name":"PROMIS","description":"Assistance for immigrants and refugees in Montreal","publisher":{"@id":"https:\/\/promis.qc.ca\/en\/#organization"},"potentialAction":[{"@type":"SearchAction","target":{"@type":"EntryPoint","urlTemplate":"https:\/\/promis.qc.ca\/en\/?s={search_term_string}"},"query-input":{"@type":"PropertyValueSpecification","valueRequired":true,"valueName":"search_term_string"}}],"inLanguage":"en-US"},{"@type":"Organization","@id":"https:\/\/promis.qc.ca\/en\/#organization","name":"Promis","url":"https:\/\/promis.qc.ca\/en\/","logo":{"@type":"ImageObject","inLanguage":"en-US","@id":"https:\/\/promis.qc.ca\/en\/#\/schema\/logo\/image\/","url":"https:\/\/promis.qc.ca\/wp-content\/uploads\/2024\/12\/anim-accueil-v2-3.svg","contentUrl":"https:\/\/promis.qc.ca\/wp-content\/uploads\/2024\/12\/anim-accueil-v2-3.svg","width":1,"height":1,"caption":"Promis"},"image":{"@id":"https:\/\/promis.qc.ca\/en\/#\/schema\/logo\/image\/"},"sameAs":["https:\/\/www.facebook.com\/promisimmigration"]}]}},"_links":{"self":[{"href":"https:\/\/promis.qc.ca\/en\/wp-json\/wp\/v2\/mec-events\/5282","targetHints":{"allow":["GET"]}}],"collection":[{"href":"https:\/\/promis.qc.ca\/en\/wp-json\/wp\/v2\/mec-events"}],"about":[{"href":"https:\/\/promis.qc.ca\/en\/wp-json\/wp\/v2\/types\/mec-events"}],"author":[{"embeddable":true,"href":"https:\/\/promis.qc.ca\/en\/wp-json\/wp\/v2\/users\/3"}],"replies":[{"embeddable":true,"href":"https:\/\/promis.qc.ca\/en\/wp-json\/wp\/v2\/comments?post=5282"}],"wp:featuredmedia":[{"embeddable":true,"href":"https:\/\/promis.qc.ca\/en\/wp-json\/wp\/v2\/media\/5277"}],"wp:attachment":[{"href":"https:\/\/promis.qc.ca\/en\/wp-json\/wp\/v2\/media?parent=5282"}],"wp:term":[{"taxonomy":"post_tag","embeddable":true,"href":"https:\/\/promis.qc.ca\/en\/wp-json\/wp\/v2\/tags?post=5282"},{"taxonomy":"mec_category","embeddable":true,"href":"https:\/\/promis.qc.ca\/en\/wp-json\/wp\/v2\/mec_category?post=5282"}],"curies":[{"name":"wp","href":"https:\/\/api.w.org\/{rel}","templated":true}]}}