{"id":5562,"date":"2026-09-04T17:15:35","date_gmt":"2026-09-04T21:15:35","guid":{"rendered":"https:\/\/promis.qc.ca\/calendrier-des-activites\/montreal-et-les-regions-du-quebec-une-relation-compliquee\/"},"modified":"2026-09-04T17:15:35","modified_gmt":"2026-09-04T21:15:35","slug":"montreal-et-les-regions-du-quebec-une-relation-compliquee","status":"publish","type":"mec-events","link":"https:\/\/promis.qc.ca\/en\/activities-calendar\/montreal-et-les-regions-du-quebec-une-relation-compliquee\/","title":{"rendered":"Montr\u00e9al et les r\u00e9gions du Qu\u00e9bec, une relation compliqu\u00e9e"},"content":{"rendered":"<p><strong>Jeudi le 24 septembre, de 14 h \u00e0 16 h<\/strong><\/p>\n<p>M\u00e9tropole du Canada puis du Qu\u00e9bec depuis deux si\u00e8cles, Montr\u00e9al profite beaucoup des r\u00e9gions ressources sans toujours leur rendre la pareille. On verra d&#8217;abord comment Montr\u00e9al se hisse comme carrefour des transports et du commerce avant de drainer les habitants et les ressources des r\u00e9gions p\u00e9riph\u00e9riques tout au long du XXe si\u00e8cle.<\/p>\n<p>Ce ph\u00e9nom\u00e8ne s&#8217;est stabilis\u00e9 puis invers\u00e9 depuis 1980, tandis que les citadins quittent la ville et que les r\u00e9gions font face \u00e0 une p\u00e9nurie de main-d&#8217;\u0153uvre.<\/p>\n<p>La conf\u00e9rence sera suivie d\u2019un moment d\u2019\u00e9change et de discussion sur le th\u00e8me.<\/p>\n<p><strong>Le conf\u00e9rencier :\u00a0<\/strong><\/p>\n<p>Gilles Laporte a longtemps enseign\u00e9 l&#8217;histoire du Qu\u00e9bec \u00e0 l&#8217;UQAM et au c\u00e9gep du Vieux Montr\u00e9al. Il est surtout connu pour ses interventions dans les m\u00e9dias sur des enjeux touchant l&#8217;histoire politique, notamment comme chroniqueur r\u00e9gulier \u00e0 l&#8217;\u00e9mission Aujourd&#8217;hui l&#8217;histoire de Radio-Canada.<\/p>\n<p>Sp\u00e9cialiste des r\u00e9bellions patriotes de 1837-1838, auxquelles il consacre depuis 1995 le plus vaste site Web priv\u00e9 portant sur l&#8217;histoire du Qu\u00e9bec (1837.qc.ca). Il est l&#8217;auteur de nombreux ouvrages, dont Patriotes et Loyaux (Septentrion, 2004), Br\u00e8ve histoire des patriotes (Septentrion, 2015), Molson et le Qu\u00e9bec (Michel Br\u00fbl\u00e9, 2009), Fondements historiques du Qu\u00e9bec (Cheneli\u00e8re, 2013) et Infographies.Qu\u00e9bec, Le Qu\u00e9bec et son histoire en un coup d&#8217;\u0153il (Septentrion, 2018).<\/p>\n<p>Son dernier livre est un roman historique intitul\u00e9 La victoire des patriotes (Gare au gorille, 2024). Gilles Laporte a \u00e9galement \u00e9t\u00e9 pr\u00e9sident du Mouvement national des Qu\u00e9b\u00e9cois, organisateur de la F\u00eate nationale (2014-2016), porte-parole de la Coalition pour l&#8217;histoire depuis 2011, Patriote de l&#8217;ann\u00e9e en 2012, r\u00e9cipiendaire du prix du Ministre pour le meilleur manuel (2013) et invit\u00e9 d&#8217;honneur du Salon du livre de Montr\u00e9al (2015).<\/p>\n<p>Depuis 2022, il si\u00e8ge \u00e0 la Commission de toponymie du Qu\u00e9bec.<\/p>\n<p><strong>En personne.<br \/>\n3333, chemin de la C\u00f4te Sainte-Catherine<br \/>\n<\/strong><\/p>\n<p><i>Pour participer, <a class=\"btn btn-secondary\" href=\"https:\/\/calendly.com\/joao-paulo-rossini-promis\/montreal-et-les-regions-du-quebec-relation-compliquee?month=2026-09\" target=\"_blank\" rel=\"noopener\">cliquez ici.<\/a><\/i><\/p>","protected":false},"excerpt":{"rendered":"<p>Jeudi le 24 septembre, de 14 h \u00e0 16 h M\u00e9tropole du Canada puis du Qu\u00e9bec depuis deux si\u00e8cles, Montr\u00e9al profite beaucoup des r\u00e9gions ressources sans toujours leur rendre la pareille. On verra d&#8217;abord comment Montr\u00e9al se hisse comme carrefour des transports et du commerce avant de drainer les habitants et les ressources des r\u00e9gions [&hellip;]<\/p>\n","protected":false},"author":3,"featured_media":5561,"comment_status":"closed","ping_status":"closed","template":"","tags":[],"mec_category":[69,64],"class_list":["post-5562","mec-events","type-mec-events","status-publish","has-post-thumbnail","hentry","mec_category-conference-en","mec_category-welcome-and-integration"],"acf":[],"yoast_head":"<!-- This site is optimized with the Yoast SEO plugin v28.3 - https:\/\/yoast.com\/product\/yoast-seo-wordpress\/ -->\n<title>Montr\u00e9al et les r\u00e9gions du Qu\u00e9bec, une relation compliqu\u00e9e | PROMIS<\/title>\n<meta name=\"robots\" content=\"index, follow, max-snippet:-1, max-image-preview:large, max-video-preview:-1\" \/>\n<link rel=\"canonical\" href=\"https:\/\/promis.qc.ca\/en\/activities-calendar\/montreal-et-les-regions-du-quebec-une-relation-compliquee\/\" \/>\n<meta property=\"og:locale\" content=\"en_US\" \/>\n<meta property=\"og:type\" content=\"article\" \/>\n<meta property=\"og:title\" content=\"Montr\u00e9al et les r\u00e9gions du Qu\u00e9bec, une relation compliqu\u00e9e | PROMIS\" \/>\n<meta property=\"og:description\" content=\"Jeudi le 24 septembre, de 14 h \u00e0 16 h M\u00e9tropole du Canada puis du Qu\u00e9bec depuis deux si\u00e8cles, Montr\u00e9al profite beaucoup des r\u00e9gions ressources sans toujours leur rendre la pareille. On verra d&#8217;abord comment Montr\u00e9al se hisse comme carrefour des transports et du commerce avant de drainer les habitants et les ressources des r\u00e9gions [&hellip;]\" \/>\n<meta property=\"og:url\" content=\"https:\/\/promis.qc.ca\/en\/activities-calendar\/montreal-et-les-regions-du-quebec-une-relation-compliquee\/\" \/>\n<meta property=\"og:site_name\" content=\"PROMIS\" \/>\n<meta property=\"article:publisher\" content=\"https:\/\/www.facebook.com\/promisimmigration\" \/>\n<meta property=\"og:image\" content=\"https:\/\/promis.qc.ca\/wp-content\/uploads\/2024\/12\/sintegrer-pour-rester-lorem-ipsum-dolor-sit-amet-consectetur-adipiscing-elit-quisque-laoreet-scelerisque-porttitor-vestibulum-metus-leo-aliquet-vitae-nisi-non-sodales-sodales-ipsum-sintegr.jpg\" \/>\n\t<meta property=\"og:image:width\" content=\"1600\" \/>\n\t<meta property=\"og:image:height\" content=\"675\" \/>\n\t<meta property=\"og:image:type\" content=\"image\/jpeg\" \/>\n<meta name=\"twitter:card\" content=\"summary_large_image\" \/>\n<meta name=\"twitter:label1\" content=\"Est. reading time\" \/>\n\t<meta name=\"twitter:data1\" content=\"2 minutes\" \/>\n<script type=\"application\/ld+json\" class=\"yoast-schema-graph\">{\"@context\":\"https:\\\/\\\/schema.org\",\"@graph\":[{\"@type\":\"WebPage\",\"@id\":\"https:\\\/\\\/promis.qc.ca\\\/en\\\/activities-calendar\\\/montreal-et-les-regions-du-quebec-une-relation-compliquee\\\/\",\"url\":\"https:\\\/\\\/promis.qc.ca\\\/en\\\/activities-calendar\\\/montreal-et-les-regions-du-quebec-une-relation-compliquee\\\/\",\"name\":\"Montr\u00e9al et les r\u00e9gions du Qu\u00e9bec, une relation compliqu\u00e9e | PROMIS\",\"isPartOf\":{\"@id\":\"https:\\\/\\\/promis.qc.ca\\\/en\\\/#website\"},\"primaryImageOfPage\":{\"@id\":\"https:\\\/\\\/promis.qc.ca\\\/en\\\/activities-calendar\\\/montreal-et-les-regions-du-quebec-une-relation-compliquee\\\/#primaryimage\"},\"image\":{\"@id\":\"https:\\\/\\\/promis.qc.ca\\\/en\\\/activities-calendar\\\/montreal-et-les-regions-du-quebec-une-relation-compliquee\\\/#primaryimage\"},\"thumbnailUrl\":\"https:\\\/\\\/promis.qc.ca\\\/wp-content\\\/uploads\\\/2026\\\/09\\\/conference-montreal-et-regions.jpg\",\"datePublished\":\"2026-09-04T21:15:35+00:00\",\"breadcrumb\":{\"@id\":\"https:\\\/\\\/promis.qc.ca\\\/en\\\/activities-calendar\\\/montreal-et-les-regions-du-quebec-une-relation-compliquee\\\/#breadcrumb\"},\"inLanguage\":\"en-US\",\"potentialAction\":[{\"@type\":\"ReadAction\",\"target\":[\"https:\\\/\\\/promis.qc.ca\\\/en\\\/activities-calendar\\\/montreal-et-les-regions-du-quebec-une-relation-compliquee\\\/\"]}]},{\"@type\":\"ImageObject\",\"inLanguage\":\"en-US\",\"@id\":\"https:\\\/\\\/promis.qc.ca\\\/en\\\/activities-calendar\\\/montreal-et-les-regions-du-quebec-une-relation-compliquee\\\/#primaryimage\",\"url\":\"https:\\\/\\\/promis.qc.ca\\\/wp-content\\\/uploads\\\/2026\\\/09\\\/conference-montreal-et-regions.jpg\",\"contentUrl\":\"https:\\\/\\\/promis.qc.ca\\\/wp-content\\\/uploads\\\/2026\\\/09\\\/conference-montreal-et-regions.jpg\",\"width\":1080,\"height\":1080},{\"@type\":\"BreadcrumbList\",\"@id\":\"https:\\\/\\\/promis.qc.ca\\\/en\\\/activities-calendar\\\/montreal-et-les-regions-du-quebec-une-relation-compliquee\\\/#breadcrumb\",\"itemListElement\":[{\"@type\":\"ListItem\",\"position\":1,\"name\":\"Home\",\"item\":\"https:\\\/\\\/promis.qc.ca\\\/en\\\/\"},{\"@type\":\"ListItem\",\"position\":2,\"name\":\"Montr\u00e9al et les r\u00e9gions du Qu\u00e9bec, une relation compliqu\u00e9e\"}]},{\"@type\":\"WebSite\",\"@id\":\"https:\\\/\\\/promis.qc.ca\\\/en\\\/#website\",\"url\":\"https:\\\/\\\/promis.qc.ca\\\/en\\\/\",\"name\":\"PROMIS\",\"description\":\"Assistance for immigrants and refugees in Montreal\",\"publisher\":{\"@id\":\"https:\\\/\\\/promis.qc.ca\\\/en\\\/#organization\"},\"potentialAction\":[{\"@type\":\"SearchAction\",\"target\":{\"@type\":\"EntryPoint\",\"urlTemplate\":\"https:\\\/\\\/promis.qc.ca\\\/en\\\/?s={search_term_string}\"},\"query-input\":{\"@type\":\"PropertyValueSpecification\",\"valueRequired\":true,\"valueName\":\"search_term_string\"}}],\"inLanguage\":\"en-US\"},{\"@type\":\"Organization\",\"@id\":\"https:\\\/\\\/promis.qc.ca\\\/en\\\/#organization\",\"name\":\"Promis\",\"url\":\"https:\\\/\\\/promis.qc.ca\\\/en\\\/\",\"logo\":{\"@type\":\"ImageObject\",\"inLanguage\":\"en-US\",\"@id\":\"https:\\\/\\\/promis.qc.ca\\\/en\\\/#\\\/schema\\\/logo\\\/image\\\/\",\"url\":\"https:\\\/\\\/promis.qc.ca\\\/wp-content\\\/uploads\\\/2024\\\/12\\\/anim-accueil-v2-3.svg\",\"contentUrl\":\"https:\\\/\\\/promis.qc.ca\\\/wp-content\\\/uploads\\\/2024\\\/12\\\/anim-accueil-v2-3.svg\",\"width\":1,\"height\":1,\"caption\":\"Promis\"},\"image\":{\"@id\":\"https:\\\/\\\/promis.qc.ca\\\/en\\\/#\\\/schema\\\/logo\\\/image\\\/\"},\"sameAs\":[\"https:\\\/\\\/www.facebook.com\\\/promisimmigration\"]}]}<\/script>\n<!-- \/ Yoast SEO plugin. -->","yoast_head_json":{"title":"Montr\u00e9al et les r\u00e9gions du Qu\u00e9bec, une relation compliqu\u00e9e | PROMIS","robots":{"index":"index","follow":"follow","max-snippet":"max-snippet:-1","max-image-preview":"max-image-preview:large","max-video-preview":"max-video-preview:-1"},"canonical":"https:\/\/promis.qc.ca\/en\/activities-calendar\/montreal-et-les-regions-du-quebec-une-relation-compliquee\/","og_locale":"en_US","og_type":"article","og_title":"Montr\u00e9al et les r\u00e9gions du Qu\u00e9bec, une relation compliqu\u00e9e | PROMIS","og_description":"Jeudi le 24 septembre, de 14 h \u00e0 16 h M\u00e9tropole du Canada puis du Qu\u00e9bec depuis deux si\u00e8cles, Montr\u00e9al profite beaucoup des r\u00e9gions ressources sans toujours leur rendre la pareille. On verra d&#8217;abord comment Montr\u00e9al se hisse comme carrefour des transports et du commerce avant de drainer les habitants et les ressources des r\u00e9gions [&hellip;]","og_url":"https:\/\/promis.qc.ca\/en\/activities-calendar\/montreal-et-les-regions-du-quebec-une-relation-compliquee\/","og_site_name":"PROMIS","article_publisher":"https:\/\/www.facebook.com\/promisimmigration","og_image":[{"width":1600,"height":675,"url":"https:\/\/promis.qc.ca\/wp-content\/uploads\/2024\/12\/sintegrer-pour-rester-lorem-ipsum-dolor-sit-amet-consectetur-adipiscing-elit-quisque-laoreet-scelerisque-porttitor-vestibulum-metus-leo-aliquet-vitae-nisi-non-sodales-sodales-ipsum-sintegr.jpg","type":"image\/jpeg"}],"twitter_card":"summary_large_image","twitter_misc":{"Est. reading time":"2 minutes"},"schema":{"@context":"https:\/\/schema.org","@graph":[{"@type":"WebPage","@id":"https:\/\/promis.qc.ca\/en\/activities-calendar\/montreal-et-les-regions-du-quebec-une-relation-compliquee\/","url":"https:\/\/promis.qc.ca\/en\/activities-calendar\/montreal-et-les-regions-du-quebec-une-relation-compliquee\/","name":"Montr\u00e9al et les r\u00e9gions du Qu\u00e9bec, une relation compliqu\u00e9e | PROMIS","isPartOf":{"@id":"https:\/\/promis.qc.ca\/en\/#website"},"primaryImageOfPage":{"@id":"https:\/\/promis.qc.ca\/en\/activities-calendar\/montreal-et-les-regions-du-quebec-une-relation-compliquee\/#primaryimage"},"image":{"@id":"https:\/\/promis.qc.ca\/en\/activities-calendar\/montreal-et-les-regions-du-quebec-une-relation-compliquee\/#primaryimage"},"thumbnailUrl":"https:\/\/promis.qc.ca\/wp-content\/uploads\/2026\/09\/conference-montreal-et-regions.jpg","datePublished":"2026-09-04T21:15:35+00:00","breadcrumb":{"@id":"https:\/\/promis.qc.ca\/en\/activities-calendar\/montreal-et-les-regions-du-quebec-une-relation-compliquee\/#breadcrumb"},"inLanguage":"en-US","potentialAction":[{"@type":"ReadAction","target":["https:\/\/promis.qc.ca\/en\/activities-calendar\/montreal-et-les-regions-du-quebec-une-relation-compliquee\/"]}]},{"@type":"ImageObject","inLanguage":"en-US","@id":"https:\/\/promis.qc.ca\/en\/activities-calendar\/montreal-et-les-regions-du-quebec-une-relation-compliquee\/#primaryimage","url":"https:\/\/promis.qc.ca\/wp-content\/uploads\/2026\/09\/conference-montreal-et-regions.jpg","contentUrl":"https:\/\/promis.qc.ca\/wp-content\/uploads\/2026\/09\/conference-montreal-et-regions.jpg","width":1080,"height":1080},{"@type":"BreadcrumbList","@id":"https:\/\/promis.qc.ca\/en\/activities-calendar\/montreal-et-les-regions-du-quebec-une-relation-compliquee\/#breadcrumb","itemListElement":[{"@type":"ListItem","position":1,"name":"Home","item":"https:\/\/promis.qc.ca\/en\/"},{"@type":"ListItem","position":2,"name":"Montr\u00e9al et les r\u00e9gions du Qu\u00e9bec, une relation compliqu\u00e9e"}]},{"@type":"WebSite","@id":"https:\/\/promis.qc.ca\/en\/#website","url":"https:\/\/promis.qc.ca\/en\/","name":"PROMIS","description":"Assistance for immigrants and refugees in Montreal","publisher":{"@id":"https:\/\/promis.qc.ca\/en\/#organization"},"potentialAction":[{"@type":"SearchAction","target":{"@type":"EntryPoint","urlTemplate":"https:\/\/promis.qc.ca\/en\/?s={search_term_string}"},"query-input":{"@type":"PropertyValueSpecification","valueRequired":true,"valueName":"search_term_string"}}],"inLanguage":"en-US"},{"@type":"Organization","@id":"https:\/\/promis.qc.ca\/en\/#organization","name":"Promis","url":"https:\/\/promis.qc.ca\/en\/","logo":{"@type":"ImageObject","inLanguage":"en-US","@id":"https:\/\/promis.qc.ca\/en\/#\/schema\/logo\/image\/","url":"https:\/\/promis.qc.ca\/wp-content\/uploads\/2024\/12\/anim-accueil-v2-3.svg","contentUrl":"https:\/\/promis.qc.ca\/wp-content\/uploads\/2024\/12\/anim-accueil-v2-3.svg","width":1,"height":1,"caption":"Promis"},"image":{"@id":"https:\/\/promis.qc.ca\/en\/#\/schema\/logo\/image\/"},"sameAs":["https:\/\/www.facebook.com\/promisimmigration"]}]}},"_links":{"self":[{"href":"https:\/\/promis.qc.ca\/en\/wp-json\/wp\/v2\/mec-events\/5562","targetHints":{"allow":["GET"]}}],"collection":[{"href":"https:\/\/promis.qc.ca\/en\/wp-json\/wp\/v2\/mec-events"}],"about":[{"href":"https:\/\/promis.qc.ca\/en\/wp-json\/wp\/v2\/types\/mec-events"}],"author":[{"embeddable":true,"href":"https:\/\/promis.qc.ca\/en\/wp-json\/wp\/v2\/users\/3"}],"replies":[{"embeddable":true,"href":"https:\/\/promis.qc.ca\/en\/wp-json\/wp\/v2\/comments?post=5562"}],"wp:featuredmedia":[{"embeddable":true,"href":"https:\/\/promis.qc.ca\/en\/wp-json\/wp\/v2\/media\/5561"}],"wp:attachment":[{"href":"https:\/\/promis.qc.ca\/en\/wp-json\/wp\/v2\/media?parent=5562"}],"wp:term":[{"taxonomy":"post_tag","embeddable":true,"href":"https:\/\/promis.qc.ca\/en\/wp-json\/wp\/v2\/tags?post=5562"},{"taxonomy":"mec_category","embeddable":true,"href":"https:\/\/promis.qc.ca\/en\/wp-json\/wp\/v2\/mec_category?post=5562"}],"curies":[{"name":"wp","href":"https:\/\/api.w.org\/{rel}","templated":true}]}}