{"id":2128,"date":"2024-10-30T12:34:07","date_gmt":"2024-10-30T16:34:07","guid":{"rendered":"https:\/\/promis.qc.ca\/service\/action-alimentaire\/"},"modified":"2025-12-10T13:19:23","modified_gmt":"2025-12-10T18:19:23","slug":"food-action","status":"publish","type":"service","link":"https:\/\/promis.qc.ca\/en\/service\/food-action\/","title":{"rendered":"Food action"},"content":{"rendered":"<div class=\"htb htb-hero   default-margin-top  default-margin-bottom  bg-color color-jaune-alimentaire  htb-uid-1  \"  >\n\t<div class=\"container-xl\">\n\t\t<div class=\"row align-items-center justify-content-center\">\n\t\t\t<div class=\"col-xl-6\">\n\t\t\t\t\t\t\t\t\t<div class=\"img-box\">\n\t\t\t\t\t\t<img decoding=\"async\" src=\"https:\/\/promis.qc.ca\/wp-content\/uploads\/2024\/10\/anim-aliment.svg\" alt=\"\" class=\"img-fluid\">\n\t\t\t\t\t<\/div>\n\t\t\t\t\t\t\t<\/div>\n\t\t\t\t\t\t\t<div class=\"col-xl-5 offset-xl-1\">\n\t\t\t\t\t\t\t\t<div class=\"content-box\" data-aos=\"fade\">\n\t\t\t\t\t\t\t\t\t\t\t\t\t\t\t\t\t\t\t\t\t<div class=\"text-box\" data-lag=\"0.2\">\n\t\t\t\t\t\t\t<h1>Food action<\/h1>\n<h2>Food assistance for immigrants in Montreal<\/h2>\n<p>At PROMIS, we believe that everyone can eat well, choose the right food, and enjoy cooking.<\/p>\n\t\t\t\t\t\t<\/div>\n\t\t\t\t\t\t\t\t\t\t\t\t\t\t<\/div>\n\t\t\t<\/div>\n\t\t<\/div>\n\t\t<div class=\"row\">\n\t\t\t<div class=\"col-12 text-center\">\n\t\t\t\t<div class=\"fleche-bas\" data-lag=\"0.6\">\n\t\t\t\t\t<img decoding=\"async\" src=\"https:\/\/promis.qc.ca\/wp-content\/themes\/henri\/_assets\/images\/fleche-bas-blanc.svg\" alt=\"\"  class=\"img-fluid\">\n\t\t\t\t<\/div>\n\t\t\t<\/div>\n\t\t<\/div>\n\t<\/div>\n\n<\/div>\n\n\n<div class='htb htb-bootsrap-container bg-color color-gris'><div class=\"wp-bootstrap-blocks-container container-xl mb-0\">\n\t\n<div class=\"wp-bootstrap-blocks-row row\">\n\t\n\n<div class=\"col-12 col-md-2\">\n\t\t\t\t<\/div>\n\n\n\n<div class=\"col-12 col-md-8\">\n\t\t\t\n\n<h2 class=\"wp-block-heading has-text-align-center has-medium-font-size\">Activities and workshops for wholesome nutrition<\/h2>\n\n\n<div class=\"htb htb-espacement-custom espacement-primary   default-margin-top  default-margin-bottom  htb-uid-2 \" ><\/div>\n\t<\/div>\n\n\n\n<div class=\"col-12 col-md-1\">\n\t\t\t\t<\/div>\n\n<\/div>\n\n\n<div class=\"wp-bootstrap-blocks-row row\">\n\t\n\n<div class=\"col-12 col-md-1\">\n\t\t\t\t<\/div>\n\n\n\n<div class=\"col-12 col-md-4\">\n\t\t\t<div class=\"p-3\">\n\t\t\t\n\n<figure class=\"wp-block-image size-large\"><img loading=\"lazy\" decoding=\"async\" width=\"1024\" height=\"683\" src=\"https:\/\/promis.qc.ca\/wp-content\/uploads\/2024\/10\/08-education-alimentaire-2024-05-23-promis-sebastienroy-061-1024x683.jpg\" alt=\"\" class=\"wp-image-1192\" srcset=\"https:\/\/promis.qc.ca\/wp-content\/uploads\/2024\/10\/08-education-alimentaire-2024-05-23-promis-sebastienroy-061-1024x683.jpg 1024w, https:\/\/promis.qc.ca\/wp-content\/uploads\/2024\/10\/08-education-alimentaire-2024-05-23-promis-sebastienroy-061-300x200.jpg 300w, https:\/\/promis.qc.ca\/wp-content\/uploads\/2024\/10\/08-education-alimentaire-2024-05-23-promis-sebastienroy-061-768x512.jpg 768w, https:\/\/promis.qc.ca\/wp-content\/uploads\/2024\/10\/08-education-alimentaire-2024-05-23-promis-sebastienroy-061-391x260.jpg 391w, https:\/\/promis.qc.ca\/wp-content\/uploads\/2024\/10\/08-education-alimentaire-2024-05-23-promis-sebastienroy-061-1536x1024.jpg 1536w, https:\/\/promis.qc.ca\/wp-content\/uploads\/2024\/10\/08-education-alimentaire-2024-05-23-promis-sebastienroy-061-2048x1365.jpg 2048w\" sizes=\"auto, (max-width: 1024px) 100vw, 1024px\" \/><\/figure>\n\n\t\t<\/div>\n\t<\/div>\n\n\n\n<div class=\"col-12 col-md-6\">\n\t\t\t<div class=\"p-3\">\n\t\t\t\n\n<p class=\"has-large-font-size\"><strong>Here\u2019s how we\u2019ll help you eat healthy:<\/strong><\/p>\n\n\n\n<ul class=\"wp-block-list\">\n<li>Community kitchen<\/li>\n\n\n\n<li>Urban agriculture in our community garden<\/li>\n\n\n\n<li>Nutrition and tasting workshops<\/li>\n\n\n\n<li>Harvest celebration<\/li>\n\n\n\n<li>Lunchbox prep workshops for children<\/li>\n<\/ul>\n\n\n<div class=\"htb htb-boutton   default-margin-top  default-margin-bottom  htb-uid-3  \" >\n\t<a class=\"btn btn-noir-fleche\" href=\"https:\/\/promis.qc.ca\/inscription-aux-ateliers-boite-a-lunch-cdn-registration-boite-a-lunch-cdn-workshop\/\" target=\"\" title=\"\"  >Register for lunch box workshops<\/a>\n<\/div>\n\n\n<p>In addition to teaching you about nutrition, we can also direct you towards other PROMIS services as needed, including employment assistance and French courses.<\/p>\n\n\t\t<\/div>\n\t<\/div>\n\n<\/div>\n\n<\/div>\n<\/div>\n\n<div class='htb htb-bootsrap-container '><div class=\"wp-bootstrap-blocks-container container-xl mb-0\">\n\t\n<div class=\"wp-bootstrap-blocks-row row\">\n\t\n\n<div class=\"col-12 col-md-1\">\n\t\t\t\t<\/div>\n\n\n\n<div class=\"col-12 col-md-10\">\n\t\t\t\n\n<h2 class=\"wp-block-heading has-text-align-center has-medium-font-size\"><strong>Flavourful fun for the whole family<\/strong><\/h2>\n\n\n\n<p class=\"has-text-align-center\">Everyone wins when you and your children participate in our culinary activities.<\/p>\n\n\n\n<div style=\"height:50px\" aria-hidden=\"true\" class=\"wp-block-spacer\"><\/div>\n\n\n\n<ul class=\"wp-block-list\">\n<li>Get your kids excited about cooking<\/li>\n\n\n\n<li>Get curious about new flavours and learn how to prepare new foods<\/li>\n\n\n\n<li>Make healthy, balanced choices at the grocery store by following our nutritionist\u2019s advice<\/li>\n\n\n\n<li>Learn how to grow fruits and vegetables by joining our community garden<\/li>\n\n\n\n<li>Become a more independent cook<\/li>\n<\/ul>\n\n\n\n\t<\/div>\n\n\n\n<div class=\"col-12 col-md-1\">\n\t\t\t\t<\/div>\n\n<\/div>\n\n<\/div>\n<\/div>\n\n\n\n<div class=\"htb htb-activites-calendrier   default-margin-top  default-margin-bottom  bg-color color-jaune-alimentaire  htb-uid-4 \" >\n\t<div class=\"container-xl\">\n\t\t<div class=\"row justify-content-center\">\n\t\t\t<div class=\"col-xl-10\">\n\t\t\t\t<div class=\"intro-box\" data-aos=\"fade-up\">\n\t\t\t\t\t<h3 class=\"title\">A well-stocked event calendar<\/h3>\t\t\t\t\t<p><span style=\"font-weight: 400;\">No matter the time of year, PROMIS offers events that will help you and your children eat well.<\/span><\/p>\n\t\t\t\t<\/div>\n\t\t\t<\/div>\n\t\t<\/div>\n\t\t<div class=\"row justify-content-center\">\n\t\t\t<div class=\"col-md-10\">\n                                    <div class=\"swiper-container\" data-skin=\"calendrier\"  data-aos=\"fade\">\n                        <div class=\"swiper\">\n                            <div class=\"swiper-wrapper\">\n                                                                    <div class=\"swiper-slide\">\n                                        <div class=\"row\">\n                                            <div class=\"col-12\">\n                                                <div class=\"chiffres-image-box\">\n                                                    <span style=\"background: url('https:\/\/promis.qc.ca\/wp-content\/uploads\/2026\/04\/francisation-iran.jpg'), transparent; background-clip: text, border-box; color: transparent; \">04<\/span>\n                                                <\/div>\n                                            <\/div>\n                                        <\/div>\n                                        <div class=\"row\">\n                                            <div class=\"col-md-5 col-xl-4\">\n                                                <div class=\"date-txt-box\">\n                                                    <h4>May 4, 2026<\/h4>\n                                                <\/div>\n                                            <\/div>\n                                            <div class=\"col-md-7 col-xl-8\">\n                                                <h5 class=\"title-slide\" >Francisation : Atelier d\u2019information pour les Iraniens<\/h5>\n                                                <div class=\"txt-box\" >\n                                                    <p>Lundi le 4 mai 2026, de 18 h \u00e0 20 h00\r\n\r\nCette session en ligne pr\u00e9sentera des cours de fran\u00e7ais gratuits. Cet atelier est sp\u00e9cialement con\u00e7u pour les Iraniens souhaitant s&#8217;informer sur les conditions d&#8217;inscription, les \u2026<\/p>                                                <\/div>\n                                                <div class=\"bts-box\" >\n                                                    <a href=\"https:\/\/promis.qc.ca\/en\/activities-calendar\/francisation-atelier-dinformation-pour-les-iraniens\/\" class=\"btn btn-noir-fleche\">Discover<\/a>\n                                                <\/div>\n                                            <\/div>\n                                        <\/div>\n                                    <\/div>\n                                                                    <div class=\"swiper-slide\">\n                                        <div class=\"row\">\n                                            <div class=\"col-12\">\n                                                <div class=\"chiffres-image-box\">\n                                                    <span style=\"background: url('https:\/\/promis.qc.ca\/wp-content\/uploads\/2026\/04\/2026-05-soins-dentaires.jpg'), transparent; background-clip: text, border-box; color: transparent; \">06<\/span>\n                                                <\/div>\n                                            <\/div>\n                                        <\/div>\n                                        <div class=\"row\">\n                                            <div class=\"col-md-5 col-xl-4\">\n                                                <div class=\"date-txt-box\">\n                                                    <h4>May 6, 2026<\/h4>\n                                                <\/div>\n                                            <\/div>\n                                            <div class=\"col-md-7 col-xl-8\">\n                                                <h5 class=\"title-slide\" >Les soins dentaires au Qu\u00e9bec<\/h5>\n                                                <div class=\"txt-box\" >\n                                                    <p>Mercredi le 6 mai, de 17 h \u00e0 19 h\r\n\r\nLes soins dentaires au Qu\u00e9bec. Service de d\u00e9pistage bucco-dentaires pour les 18 ans et plus offerts sur place et possibilit\u00e9 de soins gratuits si s\u00e9lectionn\u00e9 \u00e0 \u2026<\/p>                                                <\/div>\n                                                <div class=\"bts-box\" >\n                                                    <a href=\"https:\/\/promis.qc.ca\/en\/activities-calendar\/les-soins-dentaires-au-quebec\/\" class=\"btn btn-noir-fleche\">Discover<\/a>\n                                                <\/div>\n                                            <\/div>\n                                        <\/div>\n                                    <\/div>\n                                                                    <div class=\"swiper-slide\">\n                                        <div class=\"row\">\n                                            <div class=\"col-12\">\n                                                <div class=\"chiffres-image-box\">\n                                                    <span style=\"background: url('https:\/\/promis.qc.ca\/wp-content\/uploads\/2026\/04\/activites-2026-mai-organismes-comm-immi-web.jpg'), transparent; background-clip: text, border-box; color: transparent; \">21<\/span>\n                                                <\/div>\n                                            <\/div>\n                                        <\/div>\n                                        <div class=\"row\">\n                                            <div class=\"col-md-5 col-xl-4\">\n                                                <div class=\"date-txt-box\">\n                                                    <h4>May 21, 2026<\/h4>\n                                                <\/div>\n                                            <\/div>\n                                            <div class=\"col-md-7 col-xl-8\">\n                                                <h5 class=\"title-slide\" >Les organismes des communaut\u00e9s immigrantes \u00e0 Montr\u00e9al<\/h5>\n                                                <div class=\"txt-box\" >\n                                                    <p>Jeudi le 21 mai, de 14 h \u00e0 16 h\r\n\r\nCette conf\u00e9rence portera sur le projet de recherche \u00ab Portrait des pratiques d\u2019action communautaire autonome d\u00e9velopp\u00e9es par les communaut\u00e9s immigrantes de Montr\u00e9al \u00bb, r\u00e9alis\u00e9 entre 2022 \u2026<\/p>                                                <\/div>\n                                                <div class=\"bts-box\" >\n                                                    <a href=\"https:\/\/promis.qc.ca\/en\/activities-calendar\/les-organismes-des-communautes-immigrantes-a-montreal\/\" class=\"btn btn-noir-fleche\">Discover<\/a>\n                                                <\/div>\n                                            <\/div>\n                                        <\/div>\n                                    <\/div>\n                                                            <\/div>\n                        <\/div>\n                        <!--\t\t\t<div class=\"swiper-pagination\"><\/div>-->\n                        <div class=\"swiper-nav\">\n                            <div class=\"swiper-button swiper-button-prev\"><\/div>\n                            <div class=\"swiper-button swiper-button-next\"><\/div>\n                        <\/div>\n                    <\/div>\n                \t\t\t<\/div>\n\t\t<\/div>\n                    <div class=\"row\">\n                <div class=\"col-12\">\n                    <div class=\"bt-box\"  data-aos=\"fade-left\" data-aos-delay=\"400\">\n                                                    <a href=\"https:\/\/promis.qc.ca\/calendrier-des-activites\" class=\"btn btn-blanc-primary-fleche\">All upcoming activities<\/a>\n                                                <\/div>\n                <\/div>\n            <\/div>\n        \t<\/div>\n<\/div>","protected":false},"featured_media":0,"template":"","class_list":["post-2128","service","type-service","status-publish","hentry"],"acf":[],"yoast_head":"<!-- This site is optimized with the Yoast SEO plugin v24.6 - https:\/\/yoast.com\/wordpress\/plugins\/seo\/ -->\n<title>Food action | PROMIS<\/title>\n<meta name=\"description\" content=\"PROMIS helps immigrant families eat healthy through educational workshops and activities.\" \/>\n<meta name=\"robots\" content=\"index, follow, max-snippet:-1, max-image-preview:large, max-video-preview:-1\" \/>\n<link rel=\"canonical\" href=\"https:\/\/promis.qc.ca\/en\/service\/food-action\/\" \/>\n<meta property=\"og:locale\" content=\"en_US\" \/>\n<meta property=\"og:type\" content=\"article\" \/>\n<meta property=\"og:title\" content=\"Food action | PROMIS\" \/>\n<meta property=\"og:description\" content=\"PROMIS helps immigrant families eat healthy through educational workshops and activities.\" \/>\n<meta property=\"og:url\" content=\"https:\/\/promis.qc.ca\/en\/service\/food-action\/\" \/>\n<meta property=\"og:site_name\" content=\"PROMIS\" \/>\n<meta property=\"article:publisher\" content=\"https:\/\/www.facebook.com\/promisimmigration\" \/>\n<meta property=\"article:modified_time\" content=\"2025-12-10T18:19:23+00:00\" \/>\n<meta property=\"og:image\" content=\"https:\/\/promis.qc.ca\/wp-content\/uploads\/2024\/10\/08-education-alimentaire-2024-05-23-promis-sebastienroy-061-1024x683.jpg\" \/>\n<meta name=\"twitter:card\" content=\"summary_large_image\" \/>\n<meta name=\"twitter:label1\" content=\"Est. reading time\" \/>\n\t<meta name=\"twitter:data1\" content=\"1 minute\" \/>\n<script type=\"application\/ld+json\" class=\"yoast-schema-graph\">{\"@context\":\"https:\/\/schema.org\",\"@graph\":[{\"@type\":\"WebPage\",\"@id\":\"https:\/\/promis.qc.ca\/en\/service\/food-action\/\",\"url\":\"https:\/\/promis.qc.ca\/en\/service\/food-action\/\",\"name\":\"Food action | PROMIS\",\"isPartOf\":{\"@id\":\"https:\/\/promis.qc.ca\/en\/#website\"},\"primaryImageOfPage\":{\"@id\":\"https:\/\/promis.qc.ca\/en\/service\/food-action\/#primaryimage\"},\"image\":{\"@id\":\"https:\/\/promis.qc.ca\/en\/service\/food-action\/#primaryimage\"},\"thumbnailUrl\":\"https:\/\/promis.qc.ca\/wp-content\/uploads\/2024\/10\/08-education-alimentaire-2024-05-23-promis-sebastienroy-061-1024x683.jpg\",\"datePublished\":\"2024-10-30T16:34:07+00:00\",\"dateModified\":\"2025-12-10T18:19:23+00:00\",\"description\":\"PROMIS helps immigrant families eat healthy through educational workshops and activities.\",\"breadcrumb\":{\"@id\":\"https:\/\/promis.qc.ca\/en\/service\/food-action\/#breadcrumb\"},\"inLanguage\":\"en-US\",\"potentialAction\":[{\"@type\":\"ReadAction\",\"target\":[\"https:\/\/promis.qc.ca\/en\/service\/food-action\/\"]}]},{\"@type\":\"ImageObject\",\"inLanguage\":\"en-US\",\"@id\":\"https:\/\/promis.qc.ca\/en\/service\/food-action\/#primaryimage\",\"url\":\"https:\/\/promis.qc.ca\/wp-content\/uploads\/2024\/10\/08-education-alimentaire-2024-05-23-promis-sebastienroy-061-1024x683.jpg\",\"contentUrl\":\"https:\/\/promis.qc.ca\/wp-content\/uploads\/2024\/10\/08-education-alimentaire-2024-05-23-promis-sebastienroy-061-1024x683.jpg\"},{\"@type\":\"BreadcrumbList\",\"@id\":\"https:\/\/promis.qc.ca\/en\/service\/food-action\/#breadcrumb\",\"itemListElement\":[{\"@type\":\"ListItem\",\"position\":1,\"name\":\"Home\",\"item\":\"https:\/\/promis.qc.ca\/en\/\"},{\"@type\":\"ListItem\",\"position\":2,\"name\":\"Food action\"}]},{\"@type\":\"WebSite\",\"@id\":\"https:\/\/promis.qc.ca\/en\/#website\",\"url\":\"https:\/\/promis.qc.ca\/en\/\",\"name\":\"PROMIS\",\"description\":\"Assistance for immigrants and refugees in Montreal\",\"publisher\":{\"@id\":\"https:\/\/promis.qc.ca\/en\/#organization\"},\"potentialAction\":[{\"@type\":\"SearchAction\",\"target\":{\"@type\":\"EntryPoint\",\"urlTemplate\":\"https:\/\/promis.qc.ca\/en\/?s={search_term_string}\"},\"query-input\":{\"@type\":\"PropertyValueSpecification\",\"valueRequired\":true,\"valueName\":\"search_term_string\"}}],\"inLanguage\":\"en-US\"},{\"@type\":\"Organization\",\"@id\":\"https:\/\/promis.qc.ca\/en\/#organization\",\"name\":\"Promis\",\"url\":\"https:\/\/promis.qc.ca\/en\/\",\"logo\":{\"@type\":\"ImageObject\",\"inLanguage\":\"en-US\",\"@id\":\"https:\/\/promis.qc.ca\/en\/#\/schema\/logo\/image\/\",\"url\":\"https:\/\/promis.qc.ca\/wp-content\/uploads\/2024\/12\/anim-accueil-v2-3.svg\",\"contentUrl\":\"https:\/\/promis.qc.ca\/wp-content\/uploads\/2024\/12\/anim-accueil-v2-3.svg\",\"width\":1,\"height\":1,\"caption\":\"Promis\"},\"image\":{\"@id\":\"https:\/\/promis.qc.ca\/en\/#\/schema\/logo\/image\/\"},\"sameAs\":[\"https:\/\/www.facebook.com\/promisimmigration\"]}]}<\/script>\n<!-- \/ Yoast SEO plugin. -->","yoast_head_json":{"title":"Food action | PROMIS","description":"PROMIS helps immigrant families eat healthy through educational workshops and activities.","robots":{"index":"index","follow":"follow","max-snippet":"max-snippet:-1","max-image-preview":"max-image-preview:large","max-video-preview":"max-video-preview:-1"},"canonical":"https:\/\/promis.qc.ca\/en\/service\/food-action\/","og_locale":"en_US","og_type":"article","og_title":"Food action | PROMIS","og_description":"PROMIS helps immigrant families eat healthy through educational workshops and activities.","og_url":"https:\/\/promis.qc.ca\/en\/service\/food-action\/","og_site_name":"PROMIS","article_publisher":"https:\/\/www.facebook.com\/promisimmigration","article_modified_time":"2025-12-10T18:19:23+00:00","og_image":[{"url":"https:\/\/promis.qc.ca\/wp-content\/uploads\/2024\/10\/08-education-alimentaire-2024-05-23-promis-sebastienroy-061-1024x683.jpg","type":"","width":"","height":""}],"twitter_card":"summary_large_image","twitter_misc":{"Est. reading time":"1 minute"},"schema":{"@context":"https:\/\/schema.org","@graph":[{"@type":"WebPage","@id":"https:\/\/promis.qc.ca\/en\/service\/food-action\/","url":"https:\/\/promis.qc.ca\/en\/service\/food-action\/","name":"Food action | PROMIS","isPartOf":{"@id":"https:\/\/promis.qc.ca\/en\/#website"},"primaryImageOfPage":{"@id":"https:\/\/promis.qc.ca\/en\/service\/food-action\/#primaryimage"},"image":{"@id":"https:\/\/promis.qc.ca\/en\/service\/food-action\/#primaryimage"},"thumbnailUrl":"https:\/\/promis.qc.ca\/wp-content\/uploads\/2024\/10\/08-education-alimentaire-2024-05-23-promis-sebastienroy-061-1024x683.jpg","datePublished":"2024-10-30T16:34:07+00:00","dateModified":"2025-12-10T18:19:23+00:00","description":"PROMIS helps immigrant families eat healthy through educational workshops and activities.","breadcrumb":{"@id":"https:\/\/promis.qc.ca\/en\/service\/food-action\/#breadcrumb"},"inLanguage":"en-US","potentialAction":[{"@type":"ReadAction","target":["https:\/\/promis.qc.ca\/en\/service\/food-action\/"]}]},{"@type":"ImageObject","inLanguage":"en-US","@id":"https:\/\/promis.qc.ca\/en\/service\/food-action\/#primaryimage","url":"https:\/\/promis.qc.ca\/wp-content\/uploads\/2024\/10\/08-education-alimentaire-2024-05-23-promis-sebastienroy-061-1024x683.jpg","contentUrl":"https:\/\/promis.qc.ca\/wp-content\/uploads\/2024\/10\/08-education-alimentaire-2024-05-23-promis-sebastienroy-061-1024x683.jpg"},{"@type":"BreadcrumbList","@id":"https:\/\/promis.qc.ca\/en\/service\/food-action\/#breadcrumb","itemListElement":[{"@type":"ListItem","position":1,"name":"Home","item":"https:\/\/promis.qc.ca\/en\/"},{"@type":"ListItem","position":2,"name":"Food action"}]},{"@type":"WebSite","@id":"https:\/\/promis.qc.ca\/en\/#website","url":"https:\/\/promis.qc.ca\/en\/","name":"PROMIS","description":"Assistance for immigrants and refugees in Montreal","publisher":{"@id":"https:\/\/promis.qc.ca\/en\/#organization"},"potentialAction":[{"@type":"SearchAction","target":{"@type":"EntryPoint","urlTemplate":"https:\/\/promis.qc.ca\/en\/?s={search_term_string}"},"query-input":{"@type":"PropertyValueSpecification","valueRequired":true,"valueName":"search_term_string"}}],"inLanguage":"en-US"},{"@type":"Organization","@id":"https:\/\/promis.qc.ca\/en\/#organization","name":"Promis","url":"https:\/\/promis.qc.ca\/en\/","logo":{"@type":"ImageObject","inLanguage":"en-US","@id":"https:\/\/promis.qc.ca\/en\/#\/schema\/logo\/image\/","url":"https:\/\/promis.qc.ca\/wp-content\/uploads\/2024\/12\/anim-accueil-v2-3.svg","contentUrl":"https:\/\/promis.qc.ca\/wp-content\/uploads\/2024\/12\/anim-accueil-v2-3.svg","width":1,"height":1,"caption":"Promis"},"image":{"@id":"https:\/\/promis.qc.ca\/en\/#\/schema\/logo\/image\/"},"sameAs":["https:\/\/www.facebook.com\/promisimmigration"]}]}},"_links":{"self":[{"href":"https:\/\/promis.qc.ca\/en\/wp-json\/wp\/v2\/service\/2128","targetHints":{"allow":["GET"]}}],"collection":[{"href":"https:\/\/promis.qc.ca\/en\/wp-json\/wp\/v2\/service"}],"about":[{"href":"https:\/\/promis.qc.ca\/en\/wp-json\/wp\/v2\/types\/service"}],"version-history":[{"count":10,"href":"https:\/\/promis.qc.ca\/en\/wp-json\/wp\/v2\/service\/2128\/revisions"}],"predecessor-version":[{"id":4930,"href":"https:\/\/promis.qc.ca\/en\/wp-json\/wp\/v2\/service\/2128\/revisions\/4930"}],"wp:attachment":[{"href":"https:\/\/promis.qc.ca\/en\/wp-json\/wp\/v2\/media?parent=2128"}],"curies":[{"name":"wp","href":"https:\/\/api.w.org\/{rel}","templated":true}]}}