{"id":4309,"date":"2025-06-11T09:16:40","date_gmt":"2025-06-11T13:16:40","guid":{"rendered":"https:\/\/promis.qc.ca\/?post_type=service&#038;p=4309"},"modified":"2026-04-28T14:03:21","modified_gmt":"2026-04-28T18:03:21","slug":"francization","status":"publish","type":"service","link":"https:\/\/promis.qc.ca\/en\/service\/francization\/","title":{"rendered":"Francization"},"content":{"rendered":"<div class=\"htb htb-hero   default-margin-top  default-margin-bottom  bg-color color-turquoise-francisation  htb-uid-1  \"  >\n\t<div class=\"container-xl\">\n\t\t<div class=\"row align-items-center justify-content-center\">\n\t\t\t<div class=\"col-xl-6\">\n\t\t\t\t\t\t\t\t\t<div class=\"img-box\">\n\t\t\t\t\t\t<img decoding=\"async\" src=\"https:\/\/promis.qc.ca\/wp-content\/uploads\/2024\/10\/anim-fr-1-2.svg\" alt=\"\" class=\"img-fluid\">\n\t\t\t\t\t<\/div>\n\t\t\t\t\t\t\t<\/div>\n\t\t\t\t\t\t\t<div class=\"col-xl-5 offset-xl-1\">\n\t\t\t\t\t\t\t\t<div class=\"content-box\" data-aos=\"fade\">\n\t\t\t\t\t<h1 data-lag=\"0.1\">French courses<\/h1>\t\t\t\t\t<h2  data-lag=\"0.2\">Free french classes for immigrants in Montreal<\/h2>\t\t\t\t\t\t\t\t\t\t\t<div class=\"text-box\" data-lag=\"0.2\">\n\t\t\t\t\t\t\t<p>Did you know that the best way to integrate and find a job in Quebec is to learn French? It\u2019s the official and most widely spoken language in the province, from public institutions and workplaces to teaching, communications, retail, and business. PROMIS is here to make the process simple and accessible.<\/p>\n\t\t\t\t\t\t<\/div>\n\t\t\t\t\t\t\t\t\t\t\t\t\t\t<\/div>\n\t\t\t<\/div>\n\t\t<\/div>\n\t\t<div class=\"row\">\n\t\t\t<div class=\"col-12 text-center\">\n\t\t\t\t<div class=\"fleche-bas\" data-lag=\"0.6\">\n\t\t\t\t\t<img decoding=\"async\" src=\"https:\/\/promis.qc.ca\/wp-content\/themes\/henri\/_assets\/images\/fleche-bas-blanc.svg\" alt=\"\"  class=\"img-fluid\">\n\t\t\t\t<\/div>\n\t\t\t<\/div>\n\t\t<\/div>\n\t<\/div>\n\n<\/div>\n\n\n<div class='htb htb-bootsrap-container bg-color color-gris'><div class=\"wp-bootstrap-blocks-container container-xl mb-0\">\n\t\n<div class=\"wp-bootstrap-blocks-row row\">\n\t\n\n<div class=\"col-12 col-md-2\">\n\t\t\t\t<\/div>\n\n\n\n<div class=\"col-12 col-md-8\">\n\t\t\t\n\n<h2 class=\"wp-block-heading has-text-align-center has-medium-font-size\">Learning French in Montreal starts here.<\/h2>\n\n\n<div class=\"htb htb-espacement-custom espacement-primary   default-margin-top  default-margin-bottom  htb-uid-2 \" ><\/div>\n\t<\/div>\n\n\n\n<div class=\"col-12 col-md-1\">\n\t\t\t\t<\/div>\n\n<\/div>\n\n\n<div class=\"wp-bootstrap-blocks-row row\">\n\t\n\n<div class=\"col-12 col-md-1\">\n\t\t\t\t<\/div>\n\n\n\n<div class=\"col-12 col-md-4\">\n\t\t\t<div class=\"p-3\">\n\t\t\t\n\n<figure class=\"wp-block-image size-large\"><img loading=\"lazy\" decoding=\"async\" width=\"1024\" height=\"683\" src=\"https:\/\/promis.qc.ca\/wp-content\/uploads\/2024\/10\/02-francisation-2024-05-29-promis-sebastienroy-083-1024x683.jpg\" alt=\"\" class=\"wp-image-1183\" srcset=\"https:\/\/promis.qc.ca\/wp-content\/uploads\/2024\/10\/02-francisation-2024-05-29-promis-sebastienroy-083-1024x683.jpg 1024w, https:\/\/promis.qc.ca\/wp-content\/uploads\/2024\/10\/02-francisation-2024-05-29-promis-sebastienroy-083-300x200.jpg 300w, https:\/\/promis.qc.ca\/wp-content\/uploads\/2024\/10\/02-francisation-2024-05-29-promis-sebastienroy-083-768x512.jpg 768w, https:\/\/promis.qc.ca\/wp-content\/uploads\/2024\/10\/02-francisation-2024-05-29-promis-sebastienroy-083-391x260.jpg 391w, https:\/\/promis.qc.ca\/wp-content\/uploads\/2024\/10\/02-francisation-2024-05-29-promis-sebastienroy-083-1536x1024.jpg 1536w, https:\/\/promis.qc.ca\/wp-content\/uploads\/2024\/10\/02-francisation-2024-05-29-promis-sebastienroy-083-2048x1365.jpg 2048w\" sizes=\"auto, (max-width: 1024px) 100vw, 1024px\" \/><\/figure>\n\n\t\t<\/div>\n\t<\/div>\n\n\n\n<div class=\"col-12 col-md-6\">\n\t\t\t<div class=\"p-3\">\n\t\t\t\n\n<p class=\"has-large-font-size\"><strong>4 semester of free French courses every year<\/strong><\/p>\n\n\n\n<ul class=\"wp-block-list\">\n<li>Beginner, intermediate, and advanced levels<\/li>\n\n\n\n<li>Instruction includes oral, written, and spoken French<\/li>\n\n\n\n<li>In-class or remote lessons <\/li>\n\n\n\n<li>Free of any charge<\/li>\n\n\n\n<li>11 weeks per semester<\/li>\n<\/ul>\n\n\n\n<p>PROMIS offers full-time and part-time classes.<\/p>\n\n\n\n<ul class=\"wp-block-list\">\n<li><strong>Full-time<\/strong> : 25 to 30h a week, 5 days a week\n<ul class=\"wp-block-list\">\n<li>Animations from a mediator<\/li>\n\n\n\n<li>Fast and effective learning<\/li>\n\n\n\n<li>Participation financial aid is available<\/li>\n<\/ul>\n<\/li>\n<\/ul>\n\n\n\n\n\n\n\n<ul class=\"wp-block-list\">\n<li><strong>Part-time<\/strong> : 4 to 12h a week\n<ul class=\"wp-block-list\">\n<li>Morning, afternoon, and nighttime slots on weekdays and weekends (schedule varies based on proficiency level)<\/li>\n<\/ul>\n<\/li>\n<\/ul>\n\n\n\n<p class=\"has-large-font-size\"><strong>Interested in learning French ? Start by signing up on the Government of Quebec\u2019s Apprendre le fran\u00e7ais platform.<\/strong><\/p>\n\n\n\n<p>Start by selecting your preferred schedule : full-time or part-time. <\/p>\n\n\n\n<ul class=\"wp-block-list\">\n<li>Fill out the necessary information<\/li>\n\n\n\n<li>Select PROMIS as your learning centre <\/li>\n\n\n\n<li>and wait for the MIFI to contact you.<\/li>\n<\/ul>\n\n\n<div class=\"htb htb-boutton   default-margin-top  default-margin-bottom  htb-uid-3  \" >\n\t<a class=\"btn btn-noir-fleche\" href=\"https:\/\/apprendrelefrancais.immigration-quebec.gouv.qc.ca\/aiguillage\/?apprendrelefrancais=true&#038; \" target=\"_blank\" title=\"\"  >Sign up now<\/a>\n<\/div>\n\t\t<\/div>\n\t<\/div>\n\n<\/div>\n\n<\/div>\n<\/div>\n\n<div class=\"htb htb-accordeon-services   default-margin-top  default-margin-bottom  htb-uid-12 \" >\n    <div class=\"container-xl\">\n\t\t<div class=\"row justify-content-center\">\n\t\t\t<div class=\"col-xl-8\">\n\t\t\t\t<h2 class=\"title\">Information sessions \u2013  French courses<\/h2>\t\t\t\t\t\t\t\t\t<div class=\"content-box\"><p>Want to sign up for French courses but have questions about eligibility, scheduling, levels offered, or the registration process?<\/p>\n<p>Our information sessions cover all of these things and more.<\/p>\n<p>Sign up for whichever session is most convenient based on your preferred language and timing.<\/p>\n<p><img loading=\"lazy\" decoding=\"async\" class=\"alignnone  wp-image-5335\" src=\"https:\/\/promis.qc.ca\/wp-content\/uploads\/2025\/06\/ministere-de-limmigration-de-la-francisation-et-de-lintegration.png\" alt=\"\" width=\"210\" height=\"79\" \/><\/p>\n<\/div>\n\t\t\t\t\t\t\t<\/div>\n\t\t<\/div>\n\t<div class=\"accordion\" id=\"accordion_henri_5\">\n\t\t\n<div class=\"htb   default-margin-top  default-margin-bottom  htb-uid-5  accordion-services-item accordion-item color-turquoise-francisation\" >\n\t<h3 class=\"accordion-header\" id=\"accordeon_heading_5\">\n\t\t<button class=\"accordion-button  bg-color color-turquoise-francisation \" type=\"button\" data-bs-toggle=\"collapse\" data-bs-target=\"#henri_collapse_0\" aria-expanded=\"true\" aria-controls=\"henri_collapse_5\">\n\t\t\tFrench courses information session &#8211; English\t\t<\/button>\n\t<\/h3>\n\t<div id=\"henri_collapse_0\" class=\"accordion-collapse collapse show\" aria-labelledby=\"accordeon_heading_5\" data-bs-parent=\"#accordion_henri_5\">\n\t\t<div class=\"accordion-body\">\n\t\t\t\n<div class=\"wp-bootstrap-blocks-row row\">\n\t\n\n<div class=\"col-12 col-md-6\">\n\t\t\t\n\n<p>During this information session, we will explain the French programs offered by Francisation Qu\u00e9bec (Ministry of Immigration, Frenchization and Inclusion) and how to register for part-time French courses at Promis.<\/p>\n\n\n<div class=\"htb htb-boutton   default-margin-top  default-margin-bottom  htb-uid-4  \" >\n\t<a class=\"btn btn-noir-fleche\" href=\"https:\/\/calendly.com\/olha-doroshenko-promis\/seance-d-information-cours-de-francais-fr-en-ukr\/?utm_medium=referral&#038;utm_source=www.linkedin.com&#038;_gl=1*5n5ee0*_gcl_au*MTk0NzQyMTU3LjE3Mzc2Mzc0MTI.*_ga*MjM5NjIyOTAzLjE3MTI3NzQxMDQ.*_ga_P0D3ELB177*MTc0NDgwNzQ4OS4xMDMuMS4xNzQ0ODE1NzA0LjU3LjAuMA\" target=\"_blank\" title=\"\"  >Register<\/a>\n<\/div>\n\t<\/div>\n\n\n\n<div class=\"col-12 col-md-6\">\n\t\t\t\n\n<figure class=\"wp-block-image size-large\"><img loading=\"lazy\" decoding=\"async\" width=\"1024\" height=\"438\" src=\"https:\/\/promis.qc.ca\/wp-content\/uploads\/2025\/06\/mai25-passage-classe-image-3-1024x438.jpg\" alt=\"\" class=\"wp-image-4282\" srcset=\"https:\/\/promis.qc.ca\/wp-content\/uploads\/2025\/06\/mai25-passage-classe-image-3-1024x438.jpg 1024w, https:\/\/promis.qc.ca\/wp-content\/uploads\/2025\/06\/mai25-passage-classe-image-3-300x128.jpg 300w, https:\/\/promis.qc.ca\/wp-content\/uploads\/2025\/06\/mai25-passage-classe-image-3-768x328.jpg 768w, https:\/\/promis.qc.ca\/wp-content\/uploads\/2025\/06\/mai25-passage-classe-image-3.jpg 1355w\" sizes=\"auto, (max-width: 1024px) 100vw, 1024px\" \/><\/figure>\n\n\t<\/div>\n\n<\/div>\n\n\n\t\t<\/div>\n\t<\/div>\n<\/div>\n\n\n<div class=\"htb   default-margin-top  default-margin-bottom  htb-uid-7  accordion-services-item accordion-item color-turquoise-francisation\" >\n\t<h3 class=\"accordion-header\" id=\"accordeon_heading_7\">\n\t\t<button class=\"accordion-button  bg-color color-turquoise-francisation collapsed\" type=\"button\" data-bs-toggle=\"collapse\" data-bs-target=\"#henri_collapse_1\" aria-expanded=\"true\" aria-controls=\"henri_collapse_7\">\n\t\t\tS\u00e9ances d\u2019information &#8211; Fran\u00e7ais\t\t<\/button>\n\t<\/h3>\n\t<div id=\"henri_collapse_1\" class=\"accordion-collapse collapse \" aria-labelledby=\"accordeon_heading_7\" data-bs-parent=\"#accordion_henri_5\">\n\t\t<div class=\"accordion-body\">\n\t\t\t\n<div class=\"wp-bootstrap-blocks-row row\">\n\t\n\n<div class=\"col-12 col-md-6\">\n\t\t\t\n\n<p class=\"has-small-font-size\">Durant cette s\u00e9ance d\u2019information, nous vous expliquons les programmes de fran\u00e7ais offerts par Francisation Qu\u00e9bec (Minist\u00e8re de l&#8217;Immigration, de la Francisation et de l&#8217;Int\u00e9gration) et comment proc\u00e9der \u00e0 l\u2019inscription aux cours de fran\u00e7ais \u00e0 temps partiel \u00e0 Promis. Cette s\u00e9ance d\u2019information est en fran\u00e7ais.<\/p>\n\n\n<div class=\"htb htb-boutton   default-margin-top  default-margin-bottom  htb-uid-6  \" >\n\t<a class=\"btn btn-noir-fleche\" href=\"https:\/\/calendly.com\/promisimmigration\/seance-d-information-cours-de-francais\" target=\"_blank\" title=\"\"  >S\u2019inscrire<\/a>\n<\/div>\n\t<\/div>\n\n\n\n<div class=\"col-12 col-md-6\">\n\t\t\t\n\n<figure class=\"wp-block-image size-large\"><img loading=\"lazy\" decoding=\"async\" width=\"1024\" height=\"438\" src=\"https:\/\/promis.qc.ca\/wp-content\/uploads\/2025\/06\/mai25-passage-classe-image-3-1024x438.jpg\" alt=\"\" class=\"wp-image-4282\" srcset=\"https:\/\/promis.qc.ca\/wp-content\/uploads\/2025\/06\/mai25-passage-classe-image-3-1024x438.jpg 1024w, https:\/\/promis.qc.ca\/wp-content\/uploads\/2025\/06\/mai25-passage-classe-image-3-300x128.jpg 300w, https:\/\/promis.qc.ca\/wp-content\/uploads\/2025\/06\/mai25-passage-classe-image-3-768x328.jpg 768w, https:\/\/promis.qc.ca\/wp-content\/uploads\/2025\/06\/mai25-passage-classe-image-3.jpg 1355w\" sizes=\"auto, (max-width: 1024px) 100vw, 1024px\" \/><\/figure>\n\n\t<\/div>\n\n<\/div>\n\n\n\t\t<\/div>\n\t<\/div>\n<\/div>\n\n\n<div class=\"htb   default-margin-top  default-margin-bottom  htb-uid-9  accordion-services-item accordion-item color-turquoise-francisation\" >\n\t<h3 class=\"accordion-header\" id=\"accordeon_heading_9\">\n\t\t<button class=\"accordion-button  bg-color color-turquoise-francisation collapsed\" type=\"button\" data-bs-toggle=\"collapse\" data-bs-target=\"#henri_collapse_2\" aria-expanded=\"true\" aria-controls=\"henri_collapse_9\">\n\t\t\tSesi\u00f3n informativa para los cursos de franc\u00e9s &#8211; Espa\u00f1ol\t\t<\/button>\n\t<\/h3>\n\t<div id=\"henri_collapse_2\" class=\"accordion-collapse collapse \" aria-labelledby=\"accordeon_heading_9\" data-bs-parent=\"#accordion_henri_5\">\n\t\t<div class=\"accordion-body\">\n\t\t\t\n<div class=\"wp-bootstrap-blocks-row row\">\n\t\n\n<div class=\"col-12 col-md-6\">\n\t\t\t\n\n<p class=\"has-small-font-size\">Durante esta sesi\u00f3n informativa, les explicaremos los programas de franc\u00e9s ofrecidos por Francisation Qu\u00e9bec (Ministerio de la Inmigraci\u00f3n, Francisaci\u00f3n y la Integraci\u00f3n) y c\u00f3mo proceder para inscribirse en los cursos de franc\u00e9s a tiempo parcial en Promis.<\/p>\n\n\n<div class=\"htb htb-boutton   default-margin-top  default-margin-bottom  htb-uid-8  \" >\n\t<a class=\"btn btn-noir-fleche\" href=\"https:\/\/calendly.com\/bibiana-campos-promis\/seance-d-information-cours-de-francais-fr-en-esp\" target=\"_blank\" title=\"\"  >Inscribase<\/a>\n<\/div>\n\t<\/div>\n\n\n\n<div class=\"col-12 col-md-6\">\n\t\t\t\n\n<figure class=\"wp-block-image size-large\"><img loading=\"lazy\" decoding=\"async\" width=\"1024\" height=\"438\" src=\"https:\/\/promis.qc.ca\/wp-content\/uploads\/2025\/06\/mai25-passage-classe-image-3-1024x438.jpg\" alt=\"\" class=\"wp-image-4282\" srcset=\"https:\/\/promis.qc.ca\/wp-content\/uploads\/2025\/06\/mai25-passage-classe-image-3-1024x438.jpg 1024w, https:\/\/promis.qc.ca\/wp-content\/uploads\/2025\/06\/mai25-passage-classe-image-3-300x128.jpg 300w, https:\/\/promis.qc.ca\/wp-content\/uploads\/2025\/06\/mai25-passage-classe-image-3-768x328.jpg 768w, https:\/\/promis.qc.ca\/wp-content\/uploads\/2025\/06\/mai25-passage-classe-image-3.jpg 1355w\" sizes=\"auto, (max-width: 1024px) 100vw, 1024px\" \/><\/figure>\n\n\t<\/div>\n\n<\/div>\n\n\n\t\t<\/div>\n\t<\/div>\n<\/div>\n\n\n<div class=\"htb   default-margin-top  default-margin-bottom  htb-uid-11  accordion-services-item accordion-item color-turquoise-francisation\" >\n\t<h3 class=\"accordion-header\" id=\"accordeon_heading_11\">\n\t\t<button class=\"accordion-button  bg-color color-turquoise-francisation collapsed\" type=\"button\" data-bs-toggle=\"collapse\" data-bs-target=\"#henri_collapse_3\" aria-expanded=\"true\" aria-controls=\"henri_collapse_11\">\n\t\t\t\u0406\u043d\u0444\u043e\u0440\u043c\u0430\u0446\u0456\u0439\u043d\u0430 \u0441\u0435\u0441\u0456\u044f \u0449\u043e\u0434\u043e \u043a\u0443\u0440\u0441\u0443 \u0444\u0440\u0430\u043d\u0446\u0443\u0437\u044c\u043a\u043e\u0457 \u043c\u043e\u0432\u0438 &#8211; \u0443\u043a\u0440\u0430\u0457\u043d\u0441\u044c\u043a\u0430\t\t<\/button>\n\t<\/h3>\n\t<div id=\"henri_collapse_3\" class=\"accordion-collapse collapse \" aria-labelledby=\"accordeon_heading_11\" data-bs-parent=\"#accordion_henri_5\">\n\t\t<div class=\"accordion-body\">\n\t\t\t\n<div class=\"wp-bootstrap-blocks-row row\">\n\t\n\n<div class=\"col-12 col-md-6\">\n\t\t\t\n\n<p class=\"has-small-font-size\">\u041f\u0456\u0434 \u0447\u0430\u0441 \u0446\u0456\u0454\u0457 \u0456\u043d\u0444\u043e\u0440\u043c\u0430\u0446\u0456\u0439\u043d\u043e\u0457 \u0441\u0435\u0441\u0456\u0457 \u043c\u0438 \u043f\u043e\u044f\u0441\u043d\u0438\u043c\u043e \u043f\u0440\u043e\u0433\u0440\u0430\u043c\u0438 \u0444\u0440\u0430\u043d\u0446\u0443\u0437\u044c\u043a\u043e\u0457 \u043c\u043e\u0432\u0438, \u044f\u043a\u0456 \u043f\u0440\u043e\u043f\u043e\u043d\u0443\u0454 Francisation Qu\u00e9bec (\u041c\u0456\u043d\u0456\u0441\u0442\u0435\u0440\u0441\u0442\u0432\u043e \u0456\u043c\u043c\u0456\u0433\u0440\u0430\u0446\u0456\u0457), \u0430 \u0442\u0430\u043a\u043e\u0436 \u044f\u043a \u0437\u0430\u0440\u0435\u0454\u0441\u0442\u0440\u0443\u0432\u0430\u0442\u0438\u0441\u044f \u043d\u0430 \u043a\u0443\u0440\u0441\u0438 \u0444\u0440\u0430\u043d\u0446\u0443\u0437\u044c\u043a\u043e\u0457 \u043c\u043e\u0432\u0438 \u043d\u0430 \u043d\u0435\u043f\u043e\u0432\u043d\u0438\u0439 \u0440\u043e\u0431\u043e\u0447\u0438\u0439 \u0434\u0435\u043d\u044c \u0432 Promis.<\/p>\n\n\n<div class=\"htb htb-boutton   default-margin-top  default-margin-bottom  htb-uid-10  \" >\n\t<a class=\"btn btn-noir-fleche\" href=\"https:\/\/calendly.com\/iryna-krasovska\/seance-d-information-cours-de-francais-fr-en-ukr-rus?month=2025-07\" target=\"_blank\" title=\"\"  >\u0440\u0435\u0454\u0441\u0442\u0440<\/a>\n<\/div>\n\t<\/div>\n\n\n\n<div class=\"col-12 col-md-6\">\n\t\t\t\n\n<figure class=\"wp-block-image size-large\"><img loading=\"lazy\" decoding=\"async\" width=\"1024\" height=\"438\" src=\"https:\/\/promis.qc.ca\/wp-content\/uploads\/2025\/06\/mai25-passage-classe-image-3-1024x438.jpg\" alt=\"\" class=\"wp-image-4282\" srcset=\"https:\/\/promis.qc.ca\/wp-content\/uploads\/2025\/06\/mai25-passage-classe-image-3-1024x438.jpg 1024w, https:\/\/promis.qc.ca\/wp-content\/uploads\/2025\/06\/mai25-passage-classe-image-3-300x128.jpg 300w, https:\/\/promis.qc.ca\/wp-content\/uploads\/2025\/06\/mai25-passage-classe-image-3-768x328.jpg 768w, https:\/\/promis.qc.ca\/wp-content\/uploads\/2025\/06\/mai25-passage-classe-image-3.jpg 1355w\" sizes=\"auto, (max-width: 1024px) 100vw, 1024px\" \/><\/figure>\n\n\t<\/div>\n\n<\/div>\n\n\n\t\t<\/div>\n\t<\/div>\n<\/div>\n\n\n\t<\/div>\n    <\/div>\n<\/div>\n\n\n<div class=\"htb htb-accordeon-services   default-margin-top  default-margin-bottom  htb-uid-19 \" >\n    <div class=\"container-xl\">\n\t\t<div class=\"row justify-content-center\">\n\t\t\t<div class=\"col-xl-8\">\n\t\t\t\t<h2 class=\"title\">Need help with registration?<\/h2>\t\t\t\t\t\t\t\t\t<div class=\"content-box\"><p>Want to sign up for courses at PROMIS and need some help registering through the \u201cApprendre le fran\u00e7ais\u201d portal?<\/p>\n<p>We\u2019re here to support you!<\/p>\n<p>Book an in-person meeting with us in your preferred language at a time that\u2019s convenient for you. We\u2019ll help you fill out all the necessary forms.<\/p>\n<\/div>\n\t\t\t\t\t\t\t<\/div>\n\t\t<\/div>\n\t<div class=\"accordion\" id=\"accordion_henri_14\">\n\t\t\n<div class=\"htb   default-margin-top  default-margin-bottom  htb-uid-14  accordion-services-item accordion-item color-turquoise-francisation\" >\n\t<h3 class=\"accordion-header\" id=\"accordeon_heading_14\">\n\t\t<button class=\"accordion-button  bg-color color-turquoise-francisation collapsed\" type=\"button\" data-bs-toggle=\"collapse\" data-bs-target=\"#henri_collapse_4\" aria-expanded=\"true\" aria-controls=\"henri_collapse_14\">\n\t\t\tEnrollment assistance for the french classes (English, french, spanish)\t\t<\/button>\n\t<\/h3>\n\t<div id=\"henri_collapse_4\" class=\"accordion-collapse collapse \" aria-labelledby=\"accordeon_heading_14\" data-bs-parent=\"#accordion_henri_14\">\n\t\t<div class=\"accordion-body\">\n\t\t\t\n<div class=\"wp-bootstrap-blocks-row row\">\n\t\n\n<div class=\"col-12 col-md-6\">\n\t\t\t\n\n<p><strong>Fridays from 10 a.m. to 11 a.m<\/strong><\/p>\n\n\n\n<p>During a 1-hour appointment, get help to submit your application for part-time French courses at PROMIS on the Quebec government platform. The appointment is in person; bring your immigration documents required for registration.<\/p>\n\n\n\n<p>&#8211;<\/p>\n\n\n\n<p class=\"has-small-font-size\">Rendez-vous pour l&#8217;aide \u00e0 l&#8217;inscription (Fran\u00e7ais)&nbsp;<\/p>\n\n\n\n<p class=\"has-small-font-size\">Durant un rendez-vous de 1h, obtenez de l\u2019aide pour soumettre votre demande d\u2019inscription aux cours de fran\u00e7ais \u00e0 temps partiel chez PROMIS sur la plateforme du gouvernement du Qu\u00e9bec. Le rendez-vous est en personne, apportez vos documents d\u2019immigration n\u00e9cessaires \u00e0 l\u2019inscription.<\/p>\n\n\n\n<p class=\"has-small-font-size\">&#8211;<\/p>\n\n\n\n<p class=\"has-small-font-size\">Ayuda a la inscripci\u00f3n a las clases de franc\u00e9s (Espa\u00f1ol)<\/p>\n\n\n\n<p class=\"has-small-font-size\">Durante una cita de 1 hora, obtenga ayuda para enviar su solicitud de inscripci\u00f3n a los cursos de tiempo parcial de PROMIS en la plataforma del gobierno de Qu\u00e9bec. La reuni\u00f3n es en persona, ser\u00e1 necesario que traiga sus documentos de inmigraci\u00f3n necesarios para la inscripci\u00f3n.<\/p>\n\n\n<div class=\"htb htb-boutton   default-margin-top  default-margin-bottom  htb-uid-13  \" >\n\t<a class=\"btn btn-noir-fleche\" href=\"https:\/\/calendly.com\/bibiana-campos-promis\/aide-a-l-inscription-fr-en-esp \" target=\"_blank\" title=\"\"  >S\u2019inscrire \/ Register \/ Inscribase<\/a>\n<\/div>\n\t<\/div>\n\n\n\n<div class=\"col-12 col-md-6\">\n\t\t\t\n\n<figure class=\"wp-block-image size-large\"><img loading=\"lazy\" decoding=\"async\" width=\"1024\" height=\"438\" src=\"https:\/\/promis.qc.ca\/wp-content\/uploads\/2025\/06\/mai25-demande-citoyennete-image-3-1-1024x438.jpg\" alt=\"\" class=\"wp-image-4318\" srcset=\"https:\/\/promis.qc.ca\/wp-content\/uploads\/2025\/06\/mai25-demande-citoyennete-image-3-1-1024x438.jpg 1024w, https:\/\/promis.qc.ca\/wp-content\/uploads\/2025\/06\/mai25-demande-citoyennete-image-3-1-300x128.jpg 300w, https:\/\/promis.qc.ca\/wp-content\/uploads\/2025\/06\/mai25-demande-citoyennete-image-3-1-768x328.jpg 768w, https:\/\/promis.qc.ca\/wp-content\/uploads\/2025\/06\/mai25-demande-citoyennete-image-3-1.jpg 1355w\" sizes=\"auto, (max-width: 1024px) 100vw, 1024px\" \/><\/figure>\n\n\t<\/div>\n\n<\/div>\n\n\n\t\t<\/div>\n\t<\/div>\n<\/div>\n\n\n<div class=\"htb   default-margin-top  default-margin-bottom  htb-uid-16  accordion-services-item accordion-item color-turquoise-francisation\" >\n\t<h3 class=\"accordion-header\" id=\"accordeon_heading_16\">\n\t\t<button class=\"accordion-button  bg-color color-turquoise-francisation collapsed\" type=\"button\" data-bs-toggle=\"collapse\" data-bs-target=\"#henri_collapse_5\" aria-expanded=\"true\" aria-controls=\"henri_collapse_16\">\n\t\t\tEnrollment assistance for the french classes (English, french, ukrainian and russian)\t\t<\/button>\n\t<\/h3>\n\t<div id=\"henri_collapse_5\" class=\"accordion-collapse collapse \" aria-labelledby=\"accordeon_heading_16\" data-bs-parent=\"#accordion_henri_14\">\n\t\t<div class=\"accordion-body\">\n\t\t\t\n<div class=\"wp-bootstrap-blocks-row row\">\n\t\n\n<div class=\"col-12 col-md-6\">\n\t\t\t\n\n<p><strong>Vendredis de 11h \u00e0 1<\/strong><strong>Fridays from 11 a.m. to 1 p.m.<\/strong><\/p>\n\n\n\n<p><strong>Saturdays from 11 a.m. to 12 p.m.<\/strong><\/p>\n\n\n\n<p>During a 1-hour appointment, get help to submit your application for part-time French courses at PROMIS on the Quebec government platform. The appointment is in person; bring your immigration documents required for registration.\n <\/p>\n\n\n\n<p>&#8211;<\/p>\n\n\n\n<p class=\"has-small-font-size\">Rendez-vous pour l&#8217;aide \u00e0 l&#8217;inscription (Fran\u00e7ais)<\/p>\n\n\n\n<p class=\"has-small-font-size\">Durant un rendez-vous de 1h, obtenez de l\u2019aide pour soumettre votre demande d\u2019inscription aux cours de fran\u00e7ais \u00e0 temps partiel chez PROMIS sur la plateforme du gouvernement du Qu\u00e9bec. Le rendez-vous est en personne, apportez vos documents d\u2019immigration n\u00e9cessaires \u00e0 l\u2019inscription.<\/p>\n\n\n\n<p class=\"has-small-font-size\">&#8211;<\/p>\n\n\n\n<p class=\"has-small-font-size\">\u0414\u043e\u043f\u043e\u043c\u043e\u0433\u0430 \u0443 \u0437\u0430\u0440\u0430\u0445\u0443\u0432\u0430\u043d\u043d\u0456 \u043d\u0430 \u043a\u0443\u0440\u0441\u0438 \u0444\u0440\u0430\u043d\u0446\u0443\u0437\u044c\u043a\u043e\u0457 \u043c\u043e\u0432\u0438 (\u0443\u043a\u0440\u0430\u0457\u043d\u0441\u044c\u043a\u043e\u044e)<\/p>\n\n\n\n<p class=\"has-small-font-size\">\u041f\u0456\u0434 \u0447\u0430\u0441 1-\u0433\u043e\u0434\u0438\u043d\u043d\u043e\u0457 \u0437\u0443\u0441\u0442\u0440\u0456\u0447\u0456 \u0432\u0430\u043c \u0434\u043e\u043f\u043e\u043c\u043e\u0436\u0443\u0442\u044c \u043f\u043e\u0434\u0430\u0442\u0438 \u0437\u0430\u044f\u0432\u043a\u0443 \u043d\u0430 \u0440\u0435\u0454\u0441\u0442\u0440\u0430\u0446\u0456\u044e \u043d\u0430 \u043d\u0435\u043f\u043e\u0432\u043d\u0438\u0439 \u0440\u043e\u0431\u043e\u0447\u0438\u0439 \u0434\u0435\u043d\u044c \u043d\u0430 \u043a\u0443\u0440\u0441\u0430\u0445 \u0444\u0440\u0430\u043d\u0446\u0443\u0437\u044c\u043a\u043e\u0457 \u043c\u043e\u0432\u0438 \u0432 PROMIS \u043d\u0430 \u043f\u043b\u0430\u0442\u0444\u043e\u0440\u043c\u0456 \u0443\u0440\u044f\u0434\u0443 \u041a\u0432\u0435\u0431\u0435\u043a\u0443. \u0417\u0443\u0441\u0442\u0440\u0456\u0447 \u0454 \u043e\u0441\u043e\u0431\u0438\u0441\u0442\u043e\u044e. \u0412\u0456\u0437\u044c\u043c\u0456\u0442\u044c \u0437 \u0441\u043e\u0431\u043e\u044e \u0456\u043c\u043c\u0456\u0433\u0440\u0430\u0446\u0456\u0439\u043d\u0456 \u0434\u043e\u043a\u0443\u043c\u0435\u043d\u0442\u0438, \u043d\u0435\u043e\u0431\u0445\u0456\u0434\u043d\u0456 \u0434\u043b\u044f \u0440\u0435\u0454\u0441\u0442\u0440\u0430\u0446\u0456\u0457.<\/p>\n\n\n\n<p class=\"has-small-font-size\">&#8211;<\/p>\n\n\n\n<p class=\"has-small-font-size\">\u041f\u043e\u043c\u043e\u0449\u044c \u0432 \u0437\u0430\u0447\u0438\u0441\u043b\u0435\u043d\u0438\u0438 \u043d\u0430 \u043a\u0443\u0440\u0441\u044b \u0444\u0440\u0430\u043d\u0446\u0443\u0437\u0441\u043a\u043e\u0433\u043e \u044f\u0437\u044b\u043a\u0430 (\u043d\u0430 \u0440\u0443\u0441\u0441\u043a\u043e\u043c)<\/p>\n\n\n\n<p class=\"has-small-font-size\">\u0412 \u0442\u0435\u0447\u0435\u043d\u0438\u0435 1 \u0447\u0430\u0441\u0430 \u0432\u0430\u043c \u043f\u043e\u043c\u043e\u0433\u0443\u0442 \u043f\u043e\u0434\u0430\u0442\u044c \u0437\u0430\u044f\u0432\u043b\u0435\u043d\u0438\u0435 \u043d\u0430 \u0440\u0435\u0433\u0438\u0441\u0442\u0440\u0430\u0446\u0438\u044e \u043d\u0430 \u043a\u0443\u0440\u0441\u044b \u0444\u0440\u0430\u043d\u0446\u0443\u0437\u0441\u043a\u043e\u0433\u043e \u044f\u0437\u044b\u043a\u0430 \u0441 \u0447\u0430\u0441\u0442\u0438\u0447\u043d\u043e\u0439 \u0437\u0430\u043d\u044f\u0442\u043e\u0441\u0442\u044c\u044e \u0432 PROMIS \u043d\u0430 \u043f\u043b\u0430\u0442\u0444\u043e\u0440\u043c\u0435 \u043f\u0440\u0430\u0432\u0438\u0442\u0435\u043b\u044c\u0441\u0442\u0432\u0430 \u041a\u0432\u0435\u0431\u0435\u043a\u0430. \u041d\u0430 \u043f\u0440\u0438\u0435\u043c \u043d\u0443\u0436\u043d\u043e \u043f\u0440\u0438\u0439\u0442\u0438 \u043b\u0438\u0447\u043d\u043e, \u0432\u0437\u044f\u0432 \u0441 \u0441\u043e\u0431\u043e\u0439 \u0438\u043c\u043c\u0438\u0433\u0440\u0430\u0446\u0438\u043e\u043d\u043d\u044b\u0435 \u0434\u043e\u043a\u0443\u043c\u0435\u043d\u0442\u044b, \u043d\u0435\u043e\u0431\u0445\u043e\u0434\u0438\u043c\u044b\u0435 \u0434\u043b\u044f \u0440\u0435\u0433\u0438\u0441\u0442\u0440\u0430\u0446\u0438\u0438.<\/p>\n\n\n<div class=\"htb htb-boutton   default-margin-top  default-margin-bottom  htb-uid-15  \" >\n\t<a class=\"btn btn-noir-fleche\" href=\"https:\/\/calendly.com\/iryna-krasovska\/aide-a-l-inscription-fr-en-ukr-rus-?month=2025-07\" target=\"_blank\" title=\"\"  >S\u2019inscrire \/ Register \/ \u0437\u0430\u0440\u0435\u0454\u0441\u0442\u0440\u0443\u0432\u0430\u0442\u0438\u0441\u044f \/ \u0417\u0430\u0440\u0435\u0433\u0438\u0441\u0442\u0440\u0438\u0440\u043e\u0432\u0430\u0442\u044c\u0441\u044f<\/a>\n<\/div>\n\t<\/div>\n\n\n\n<div class=\"col-12 col-md-6\">\n\t\t\t\n\n<figure class=\"wp-block-image size-large\"><img loading=\"lazy\" decoding=\"async\" width=\"1024\" height=\"438\" src=\"https:\/\/promis.qc.ca\/wp-content\/uploads\/2025\/06\/mai25-demande-citoyennete-image-3-1-1024x438.jpg\" alt=\"\" class=\"wp-image-4318\" srcset=\"https:\/\/promis.qc.ca\/wp-content\/uploads\/2025\/06\/mai25-demande-citoyennete-image-3-1-1024x438.jpg 1024w, https:\/\/promis.qc.ca\/wp-content\/uploads\/2025\/06\/mai25-demande-citoyennete-image-3-1-300x128.jpg 300w, https:\/\/promis.qc.ca\/wp-content\/uploads\/2025\/06\/mai25-demande-citoyennete-image-3-1-768x328.jpg 768w, https:\/\/promis.qc.ca\/wp-content\/uploads\/2025\/06\/mai25-demande-citoyennete-image-3-1.jpg 1355w\" sizes=\"auto, (max-width: 1024px) 100vw, 1024px\" \/><\/figure>\n\n\t<\/div>\n\n<\/div>\n\n\n\t\t<\/div>\n\t<\/div>\n<\/div>\n\n\n<div class=\"htb   default-margin-top  default-margin-bottom  htb-uid-18  accordion-services-item accordion-item color-turquoise-francisation\" >\n\t<h3 class=\"accordion-header\" id=\"accordeon_heading_18\">\n\t\t<button class=\"accordion-button  bg-color color-turquoise-francisation collapsed\" type=\"button\" data-bs-toggle=\"collapse\" data-bs-target=\"#henri_collapse_6\" aria-expanded=\"true\" aria-controls=\"henri_collapse_18\">\n\t\t\tEnrollment assistance for the french classes (english, french and ukrainian)\t\t<\/button>\n\t<\/h3>\n\t<div id=\"henri_collapse_6\" class=\"accordion-collapse collapse \" aria-labelledby=\"accordeon_heading_18\" data-bs-parent=\"#accordion_henri_14\">\n\t\t<div class=\"accordion-body\">\n\t\t\t\n<div class=\"wp-bootstrap-blocks-row row\">\n\t\n\n<div class=\"col-12 col-md-6\">\n\t\t\t\n\n<p><strong>Fridays from 7 p.m to 8 p.m<\/strong><\/p>\n\n\n\n<p>During a 1-hour appointment, get help to submit your application for part-time French courses at PROMIS on the Quebec government platform. The appointment is in person; bring your immigration documents required for registration.<\/p>\n\n\n\n<p>&#8211;<\/p>\n\n\n\n<p class=\"has-small-font-size\">Rendez-vous pour l&#8217;aide \u00e0 l&#8217;inscription (Fran\u00e7ais)<\/p>\n\n\n\n<p class=\"has-small-font-size\"><br>Durant un rendez-vous de 1h, obtenez de l\u2019aide pour soumettre votre demande d\u2019inscription aux cours de fran\u00e7ais \u00e0 temps partiel chez PROMIS sur la plateforme du gouvernement du Qu\u00e9bec. Le rendez-vous est en personne, apportez vos documents d\u2019immigration n\u00e9cessaires \u00e0 l\u2019inscription.<\/p>\n\n\n\n<p class=\"has-small-font-size\">&#8211;<\/p>\n\n\n\n<p class=\"has-small-font-size\">\u041f\u043e\u043c\u043e\u0449\u044c \u0432 \u0437\u0430\u0447\u0438\u0441\u043b\u0435\u043d\u0438\u0438 \u043d\u0430 \u043a\u0443\u0440\u0441\u044b \u0444\u0440\u0430\u043d\u0446\u0443\u0437\u0441\u043a\u043e\u0433\u043e \u044f\u0437\u044b\u043a\u0430 (\u043d\u0430 \u0440\u0443\u0441\u0441\u043a\u043e\u043c)<\/p>\n\n\n\n<p class=\"has-small-font-size\">\u041f\u0456\u0434 \u0447\u0430\u0441 1-\u0433\u043e\u0434\u0438\u043d\u043d\u043e\u0457 \u0437\u0443\u0441\u0442\u0440\u0456\u0447\u0456 \u0432\u0430\u043c \u0434\u043e\u043f\u043e\u043c\u043e\u0436\u0443\u0442\u044c \u043f\u043e\u0434\u0430\u0442\u0438 \u0437\u0430\u044f\u0432\u043a\u0443 \u043d\u0430 \u0440\u0435\u0454\u0441\u0442\u0440\u0430\u0446\u0456\u044e \u043d\u0430 \u043d\u0435\u043f\u043e\u0432\u043d\u0438\u0439 \u0440\u043e\u0431\u043e\u0447\u0438\u0439 \u0434\u0435\u043d\u044c \u043d\u0430 \u043a\u0443\u0440\u0441\u0430\u0445 \u0444\u0440\u0430\u043d\u0446\u0443\u0437\u044c\u043a\u043e\u0457 \u043c\u043e\u0432\u0438 \u0432 PROMIS \u043d\u0430 \u043f\u043b\u0430\u0442\u0444\u043e\u0440\u043c\u0456 \u0443\u0440\u044f\u0434\u0443 \u041a\u0432\u0435\u0431\u0435\u043a\u0443. \u0417\u0443\u0441\u0442\u0440\u0456\u0447 \u0454 \u043e\u0441\u043e\u0431\u0438\u0441\u0442\u043e\u044e. \u0412\u0456\u0437\u044c\u043c\u0456\u0442\u044c \u0437 \u0441\u043e\u0431\u043e\u044e \u0456\u043c\u043c\u0456\u0433\u0440\u0430\u0446\u0456\u0439\u043d\u0456 \u0434\u043e\u043a\u0443\u043c\u0435\u043d\u0442\u0438, \u043d\u0435\u043e\u0431\u0445\u0456\u0434\u043d\u0456 \u0434\u043b\u044f \u0440\u0435\u0454\u0441\u0442\u0440\u0430\u0446\u0456\u0457.<\/p>\n\n\n<div class=\"htb htb-boutton   default-margin-top  default-margin-bottom  htb-uid-17  \" >\n\t<a class=\"btn btn-noir-fleche\" href=\"https:\/\/calendly.com\/olha-doroshenko-promis\/aide-a-l-inscription-fr-en-ukr \" target=\"_blank\" title=\"\"  >S\u2019inscrire \/ Register \/ \u0437\u0430\u0440\u0435\u0454\u0441\u0442\u0440\u0443\u0432\u0430\u0442\u0438\u0441\u044f<\/a>\n<\/div>\n\t<\/div>\n\n\n\n<div class=\"col-12 col-md-6\">\n\t\t\t\n\n<figure class=\"wp-block-image size-large\"><img loading=\"lazy\" decoding=\"async\" width=\"1024\" height=\"438\" src=\"https:\/\/promis.qc.ca\/wp-content\/uploads\/2025\/06\/mai25-demande-citoyennete-image-3-1-1024x438.jpg\" alt=\"\" class=\"wp-image-4318\" srcset=\"https:\/\/promis.qc.ca\/wp-content\/uploads\/2025\/06\/mai25-demande-citoyennete-image-3-1-1024x438.jpg 1024w, https:\/\/promis.qc.ca\/wp-content\/uploads\/2025\/06\/mai25-demande-citoyennete-image-3-1-300x128.jpg 300w, https:\/\/promis.qc.ca\/wp-content\/uploads\/2025\/06\/mai25-demande-citoyennete-image-3-1-768x328.jpg 768w, https:\/\/promis.qc.ca\/wp-content\/uploads\/2025\/06\/mai25-demande-citoyennete-image-3-1.jpg 1355w\" sizes=\"auto, (max-width: 1024px) 100vw, 1024px\" \/><\/figure>\n\n\t<\/div>\n\n<\/div>\n\n\n\t\t<\/div>\n\t<\/div>\n<\/div>\n\n\n\t<\/div>\n    <\/div>\n<\/div>\n\n\n<div class=\"htb htb-activites-calendrier   default-margin-top  default-margin-bottom  bg-color color-turquoise-francisation  htb-uid-20 \" >\n\t<div class=\"container-xl\">\n\t\t<div class=\"row justify-content-center\">\n\t\t\t<div class=\"col-xl-10\">\n\t\t\t\t<div class=\"intro-box\" data-aos=\"fade-up\">\n\t\t\t\t\t\t\t\t\t\t<h2 class=\"wp-block-heading has-text-align-center has-medium-font-size\">Francization activities<\/h2>\n<p>Explore a list of francization activities around Montreal that will help you incorporate French into your daily life.<\/p>\n\t\t\t\t<\/div>\n\t\t\t<\/div>\n\t\t<\/div>\n\t\t<div class=\"row justify-content-center\">\n\t\t\t<div class=\"col-md-10\">\n                                    <div class=\"swiper-container\" data-skin=\"calendrier\"  data-aos=\"fade\">\n                        <div class=\"swiper\">\n                            <div class=\"swiper-wrapper\">\n                                                                    <div class=\"swiper-slide\">\n                                        <div class=\"row\">\n                                            <div class=\"col-12\">\n                                                <div class=\"chiffres-image-box\">\n                                                    <span style=\"background: url('https:\/\/promis.qc.ca\/wp-content\/uploads\/2026\/04\/francisation-iran.jpg'), transparent; background-clip: text, border-box; color: transparent; \">04<\/span>\n                                                <\/div>\n                                            <\/div>\n                                        <\/div>\n                                        <div class=\"row\">\n                                            <div class=\"col-md-5 col-xl-4\">\n                                                <div class=\"date-txt-box\">\n                                                    <h4>May 4, 2026<\/h4>\n                                                <\/div>\n                                            <\/div>\n                                            <div class=\"col-md-7 col-xl-8\">\n                                                <h5 class=\"title-slide\" >Francisation : Atelier d\u2019information pour les Iraniens<\/h5>\n                                                <div class=\"txt-box\" >\n                                                    <p>Lundi le 4 mai 2026, de 18 h \u00e0 20 h00\r\n\r\nCette session en ligne pr\u00e9sentera des cours de fran\u00e7ais gratuits. Cet atelier est sp\u00e9cialement con\u00e7u pour les Iraniens souhaitant s&#8217;informer sur les conditions d&#8217;inscription, les \u2026<\/p>                                                <\/div>\n                                                <div class=\"bts-box\" >\n                                                    <a href=\"https:\/\/promis.qc.ca\/en\/activities-calendar\/francisation-atelier-dinformation-pour-les-iraniens\/\" class=\"btn btn-noir-fleche\">Discover<\/a>\n                                                <\/div>\n                                            <\/div>\n                                        <\/div>\n                                    <\/div>\n                                                                    <div class=\"swiper-slide\">\n                                        <div class=\"row\">\n                                            <div class=\"col-12\">\n                                                <div class=\"chiffres-image-box\">\n                                                    <span style=\"background: url('https:\/\/promis.qc.ca\/wp-content\/uploads\/2026\/04\/2026-05-soins-dentaires.jpg'), transparent; background-clip: text, border-box; color: transparent; \">06<\/span>\n                                                <\/div>\n                                            <\/div>\n                                        <\/div>\n                                        <div class=\"row\">\n                                            <div class=\"col-md-5 col-xl-4\">\n                                                <div class=\"date-txt-box\">\n                                                    <h4>May 6, 2026<\/h4>\n                                                <\/div>\n                                            <\/div>\n                                            <div class=\"col-md-7 col-xl-8\">\n                                                <h5 class=\"title-slide\" >Les soins dentaires au Qu\u00e9bec<\/h5>\n                                                <div class=\"txt-box\" >\n                                                    <p>Mercredi le 6 mai, de 17 h \u00e0 19 h\r\n\r\nLes soins dentaires au Qu\u00e9bec. Service de d\u00e9pistage bucco-dentaires pour les 18 ans et plus offerts sur place et possibilit\u00e9 de soins gratuits si s\u00e9lectionn\u00e9 \u00e0 \u2026<\/p>                                                <\/div>\n                                                <div class=\"bts-box\" >\n                                                    <a href=\"https:\/\/promis.qc.ca\/en\/activities-calendar\/les-soins-dentaires-au-quebec\/\" class=\"btn btn-noir-fleche\">Discover<\/a>\n                                                <\/div>\n                                            <\/div>\n                                        <\/div>\n                                    <\/div>\n                                                                    <div class=\"swiper-slide\">\n                                        <div class=\"row\">\n                                            <div class=\"col-12\">\n                                                <div class=\"chiffres-image-box\">\n                                                    <span style=\"background: url('https:\/\/promis.qc.ca\/wp-content\/uploads\/2026\/04\/activites-2026-mai-organismes-comm-immi-web.jpg'), transparent; background-clip: text, border-box; color: transparent; \">21<\/span>\n                                                <\/div>\n                                            <\/div>\n                                        <\/div>\n                                        <div class=\"row\">\n                                            <div class=\"col-md-5 col-xl-4\">\n                                                <div class=\"date-txt-box\">\n                                                    <h4>May 21, 2026<\/h4>\n                                                <\/div>\n                                            <\/div>\n                                            <div class=\"col-md-7 col-xl-8\">\n                                                <h5 class=\"title-slide\" >Les organismes des communaut\u00e9s immigrantes \u00e0 Montr\u00e9al<\/h5>\n                                                <div class=\"txt-box\" >\n                                                    <p>Jeudi le 21 mai, de 14 h \u00e0 16 h\r\n\r\nCette conf\u00e9rence portera sur le projet de recherche \u00ab Portrait des pratiques d\u2019action communautaire autonome d\u00e9velopp\u00e9es par les communaut\u00e9s immigrantes de Montr\u00e9al \u00bb, r\u00e9alis\u00e9 entre 2022 \u2026<\/p>                                                <\/div>\n                                                <div class=\"bts-box\" >\n                                                    <a href=\"https:\/\/promis.qc.ca\/en\/activities-calendar\/les-organismes-des-communautes-immigrantes-a-montreal\/\" class=\"btn btn-noir-fleche\">Discover<\/a>\n                                                <\/div>\n                                            <\/div>\n                                        <\/div>\n                                    <\/div>\n                                                            <\/div>\n                        <\/div>\n                        <!--\t\t\t<div class=\"swiper-pagination\"><\/div>-->\n                        <div class=\"swiper-nav\">\n                            <div class=\"swiper-button swiper-button-prev\"><\/div>\n                            <div class=\"swiper-button swiper-button-next\"><\/div>\n                        <\/div>\n                    <\/div>\n                \t\t\t<\/div>\n\t\t<\/div>\n                    <div class=\"row\">\n                <div class=\"col-12\">\n                    <div class=\"bt-box\"  data-aos=\"fade-left\" data-aos-delay=\"400\">\n                                                    <a href=\"https:\/\/promis.qc.ca\/calendrier-des-activites\" class=\"btn btn-blanc-primary-fleche\">All upcoming activities<\/a>\n                                                <\/div>\n                <\/div>\n            <\/div>\n        \t<\/div>\n<\/div>\n\n\n\n<div class=\"htb htb-temoignage   default-margin-top  default-margin-bottom  htb-uid-21 \" >\n\t<div class=\"container-xl\">\n\t\t<div class=\"row justify-content-center\">\n\t\t\t<div class=\"col-xl-8\">\n\t\t\t\t<div class=\"intro-box\"   data-aos=\"fade\">\n\t\t\t\t\t\t\t\t\t\t<h2 class=\"wp-block-heading has-text-align-center has-medium-font-size\">French is the gateway to success \u2013 just ask our clients!<\/h2>\n<p>Our language school has helped thousands of newcomers learn French. Here\u2019s what they have to say about their experiences.<\/p>\n\t\t\t\t<\/div>\n\t\t\t<\/div>\n\t\t<\/div>\n\t\t<div class=\"row\">\n\t\t\t<div class=\"col-xl-4\">\n\t\t\t\t\t\t\t\t\t<div class=\"img-box\"   data-aos=\"fade-up\">\n\t\t\t\t\t\t<img decoding=\"async\" src=\"https:\/\/promis.qc.ca\/wp-content\/uploads\/2024\/10\/temoignage-turquoise-fr.svg\" alt=\"\" class=\"img-fluid\">\n\t\t\t\t\t<\/div>\n\t\t\t\t\t\t\t<\/div>\n\t\t\t<div class=\"col-xl-7\">\n\t\t\t\t<div class=\"temoignage-box text-color text-turquoise-francisation\"   data-aos=\"fade\" data-aos-delay=\"400\">\n\t\t\t\t\t<p>\u201cWhen I\u2019m feeling down, when I miss my family, parents, and friends, I come to PROMIS. I feel loved and at home. They\u2019re my second family!\u201d<br \/>\n\u2013Karim Aboutaj<\/p>\n\t\t\t\t<\/div>\n\t\t\t<\/div>\n\t\t<\/div>\n\t<\/div>\n<\/div>\n\n\n<div class=\"htb htb-grille-equipe   default-margin-top  default-margin-bottom  bg-color color-gris  htb-uid-25 \" >\n\t<div class=\"container-xl\">\n\t\t\t\t<div class=\"row grille-equipe-list\">\n\t\t\t\n<div class=\"wp-bootstrap-blocks-row row\">\n\t\n\n<div class=\"col-12 col-md-2\">\n\t\t\t\t<\/div>\n\n\n\n<div class=\"col-12 col-md-8\">\n\t\t\t\n\n<h2 class=\"wp-block-heading has-text-align-center has-medium-font-size\">Our Montreal-based francization team<\/h2>\n\n\n\n<p class=\"has-text-align-center\">We\u2019ll be by your side helping you fill out forms and answering any questions you may have about our French courses.<\/p>\n\n\n\n<div style=\"height:20px\" aria-hidden=\"true\" class=\"wp-block-spacer\"><\/div>\n\n\t<\/div>\n\n\n\n<div class=\"col-12 col-md-2\">\n\t\t\t\t<\/div>\n\n<\/div>\n\n\n<div class=\"htb htb-membre-equipe   default-margin-top  default-margin-bottom  htb-uid-22 \" >\n\t<div class=\"membre-box\">\n\t\t\t\t<div class=\"nom-titre-txt-box matchHeight\">\n\t\t\t<h4   data-aos=\"fade-up\">Iryna Krasovska<\/h4>\n\t\t\t<h5   data-aos=\"fade-up\" data-aos-delay=\"400\">Administrative Officer, Francization<\/h5>\n\t\t\t<div class=\"coordo-box\"   data-aos=\"fade\" data-aos-delay=\"1000\">\n                <p><a href=\"mailto:iryna.krasovska@promis.qc.ca\">Contact me<\/a><\/p>\t\t\t\t<p class=\"tel-num\"><a href=\"tel:\"><\/a><\/p>\n\t\t\t<\/div>\n\t\t<\/div>\n        \t\t<div class=\"footer-box\"  data-aos=\"fade\" data-aos-delay=\"1300\">\n\t\t\t<div class=\"sociaux-box\">\n\t\t\t\t\t\t\t\t\t\t\t\t\t\t\t<\/div>\n\t\t\t\t\t<\/div>\n\t<\/div>\n<\/div>\n\n\n\n\n\n<div class=\"htb htb-membre-equipe   default-margin-top  default-margin-bottom  htb-uid-23 \" >\n\t<div class=\"membre-box\">\n\t\t\t\t<div class=\"nom-titre-txt-box matchHeight\">\n\t\t\t<h4   data-aos=\"fade-up\">Mouhamed Seck<\/h4>\n\t\t\t<h5   data-aos=\"fade-up\" data-aos-delay=\"400\">Administrative Officer, Francization<\/h5>\n\t\t\t<div class=\"coordo-box\"   data-aos=\"fade\" data-aos-delay=\"1000\">\n                <p><a href=\"mailto:iryna.krasovska@promis.qc.ca\">Contact me<\/a><\/p>\t\t\t\t<p class=\"tel-num\"><a href=\"tel:\"><\/a><\/p>\n\t\t\t<\/div>\n\t\t<\/div>\n        \t\t<div class=\"footer-box\"  data-aos=\"fade\" data-aos-delay=\"1300\">\n\t\t\t<div class=\"sociaux-box\">\n\t\t\t\t\t\t\t\t\t\t\t\t\t\t\t<\/div>\n\t\t\t\t\t<\/div>\n\t<\/div>\n<\/div>\n\n\n\n\n\n<div class=\"htb htb-membre-equipe   default-margin-top  default-margin-bottom  htb-uid-24 \" >\n\t<div class=\"membre-box\">\n\t\t\t\t<div class=\"nom-titre-txt-box matchHeight\">\n\t\t\t<h4   data-aos=\"fade-up\">Elisabeth Senghor<\/h4>\n\t\t\t<h5   data-aos=\"fade-up\" data-aos-delay=\"400\">Administrative Officer, Francization<\/h5>\n\t\t\t<div class=\"coordo-box\"   data-aos=\"fade\" data-aos-delay=\"1000\">\n                <p><a href=\"mailto:iryna.krasovska@promis.qc.ca\">Contact me<\/a><\/p>\t\t\t\t<p class=\"tel-num\"><a href=\"tel:\"><\/a><\/p>\n\t\t\t<\/div>\n\t\t<\/div>\n        \t\t<div class=\"footer-box\"  data-aos=\"fade\" data-aos-delay=\"1300\">\n\t\t\t<div class=\"sociaux-box\">\n\t\t\t\t\t\t\t\t\t\t\t\t\t\t\t<\/div>\n\t\t\t\t\t<\/div>\n\t<\/div>\n<\/div>\n\n\n\n\n\n\t\t<\/div>\n\t\t<div class=\"row\">\n\t\t\t<div class=\"col-12\">\n\t\t\t\t<div class=\"btn-box\"   data-aos=\"fade-left\" data-aos-delay=\"400\">\n\t\t\t\t\t\t\t\t\t<\/div>\n\t\t\t<\/div>\n\t\t<\/div>\n\t<\/div>\n<\/div>","protected":false},"featured_media":0,"template":"","class_list":["post-4309","service","type-service","status-publish","hentry"],"acf":[],"yoast_head":"<!-- This site is optimized with the Yoast SEO plugin v24.6 - https:\/\/yoast.com\/wordpress\/plugins\/seo\/ -->\n<title>Francization | PROMIS<\/title>\n<meta name=\"robots\" content=\"index, follow, max-snippet:-1, max-image-preview:large, max-video-preview:-1\" \/>\n<link rel=\"canonical\" href=\"https:\/\/promis.qc.ca\/en\/service\/francization\/\" \/>\n<meta property=\"og:locale\" content=\"en_US\" \/>\n<meta property=\"og:type\" content=\"article\" \/>\n<meta property=\"og:title\" content=\"Francization | PROMIS\" \/>\n<meta property=\"og:url\" content=\"https:\/\/promis.qc.ca\/en\/service\/francization\/\" \/>\n<meta property=\"og:site_name\" content=\"PROMIS\" \/>\n<meta property=\"article:publisher\" content=\"https:\/\/www.facebook.com\/promisimmigration\" \/>\n<meta property=\"article:modified_time\" content=\"2026-04-28T18:03:21+00:00\" \/>\n<meta property=\"og:image\" content=\"https:\/\/promis.qc.ca\/wp-content\/uploads\/2024\/10\/02-francisation-2024-05-29-promis-sebastienroy-083-1024x683.jpg\" \/>\n<meta name=\"twitter:card\" content=\"summary_large_image\" \/>\n<meta name=\"twitter:label1\" content=\"Est. reading time\" \/>\n\t<meta name=\"twitter:data1\" content=\"11 minutes\" \/>\n<script type=\"application\/ld+json\" class=\"yoast-schema-graph\">{\"@context\":\"https:\/\/schema.org\",\"@graph\":[{\"@type\":\"WebPage\",\"@id\":\"https:\/\/promis.qc.ca\/en\/service\/francization\/\",\"url\":\"https:\/\/promis.qc.ca\/en\/service\/francization\/\",\"name\":\"Francization | PROMIS\",\"isPartOf\":{\"@id\":\"https:\/\/promis.qc.ca\/en\/#website\"},\"primaryImageOfPage\":{\"@id\":\"https:\/\/promis.qc.ca\/en\/service\/francization\/#primaryimage\"},\"image\":{\"@id\":\"https:\/\/promis.qc.ca\/en\/service\/francization\/#primaryimage\"},\"thumbnailUrl\":\"https:\/\/promis.qc.ca\/wp-content\/uploads\/2024\/10\/02-francisation-2024-05-29-promis-sebastienroy-083-1024x683.jpg\",\"datePublished\":\"2025-06-11T13:16:40+00:00\",\"dateModified\":\"2026-04-28T18:03:21+00:00\",\"breadcrumb\":{\"@id\":\"https:\/\/promis.qc.ca\/en\/service\/francization\/#breadcrumb\"},\"inLanguage\":\"en-US\",\"potentialAction\":[{\"@type\":\"ReadAction\",\"target\":[\"https:\/\/promis.qc.ca\/en\/service\/francization\/\"]}]},{\"@type\":\"ImageObject\",\"inLanguage\":\"en-US\",\"@id\":\"https:\/\/promis.qc.ca\/en\/service\/francization\/#primaryimage\",\"url\":\"https:\/\/promis.qc.ca\/wp-content\/uploads\/2024\/10\/02-francisation-2024-05-29-promis-sebastienroy-083-1024x683.jpg\",\"contentUrl\":\"https:\/\/promis.qc.ca\/wp-content\/uploads\/2024\/10\/02-francisation-2024-05-29-promis-sebastienroy-083-1024x683.jpg\"},{\"@type\":\"BreadcrumbList\",\"@id\":\"https:\/\/promis.qc.ca\/en\/service\/francization\/#breadcrumb\",\"itemListElement\":[{\"@type\":\"ListItem\",\"position\":1,\"name\":\"Home\",\"item\":\"https:\/\/promis.qc.ca\/en\/\"},{\"@type\":\"ListItem\",\"position\":2,\"name\":\"Francization\"}]},{\"@type\":\"WebSite\",\"@id\":\"https:\/\/promis.qc.ca\/en\/#website\",\"url\":\"https:\/\/promis.qc.ca\/en\/\",\"name\":\"PROMIS\",\"description\":\"Assistance for immigrants and refugees in Montreal\",\"publisher\":{\"@id\":\"https:\/\/promis.qc.ca\/en\/#organization\"},\"potentialAction\":[{\"@type\":\"SearchAction\",\"target\":{\"@type\":\"EntryPoint\",\"urlTemplate\":\"https:\/\/promis.qc.ca\/en\/?s={search_term_string}\"},\"query-input\":{\"@type\":\"PropertyValueSpecification\",\"valueRequired\":true,\"valueName\":\"search_term_string\"}}],\"inLanguage\":\"en-US\"},{\"@type\":\"Organization\",\"@id\":\"https:\/\/promis.qc.ca\/en\/#organization\",\"name\":\"Promis\",\"url\":\"https:\/\/promis.qc.ca\/en\/\",\"logo\":{\"@type\":\"ImageObject\",\"inLanguage\":\"en-US\",\"@id\":\"https:\/\/promis.qc.ca\/en\/#\/schema\/logo\/image\/\",\"url\":\"https:\/\/promis.qc.ca\/wp-content\/uploads\/2024\/12\/anim-accueil-v2-3.svg\",\"contentUrl\":\"https:\/\/promis.qc.ca\/wp-content\/uploads\/2024\/12\/anim-accueil-v2-3.svg\",\"width\":1,\"height\":1,\"caption\":\"Promis\"},\"image\":{\"@id\":\"https:\/\/promis.qc.ca\/en\/#\/schema\/logo\/image\/\"},\"sameAs\":[\"https:\/\/www.facebook.com\/promisimmigration\"]}]}<\/script>\n<!-- \/ Yoast SEO plugin. -->","yoast_head_json":{"title":"Francization | PROMIS","robots":{"index":"index","follow":"follow","max-snippet":"max-snippet:-1","max-image-preview":"max-image-preview:large","max-video-preview":"max-video-preview:-1"},"canonical":"https:\/\/promis.qc.ca\/en\/service\/francization\/","og_locale":"en_US","og_type":"article","og_title":"Francization | PROMIS","og_url":"https:\/\/promis.qc.ca\/en\/service\/francization\/","og_site_name":"PROMIS","article_publisher":"https:\/\/www.facebook.com\/promisimmigration","article_modified_time":"2026-04-28T18:03:21+00:00","og_image":[{"url":"https:\/\/promis.qc.ca\/wp-content\/uploads\/2024\/10\/02-francisation-2024-05-29-promis-sebastienroy-083-1024x683.jpg","type":"","width":"","height":""}],"twitter_card":"summary_large_image","twitter_misc":{"Est. reading time":"11 minutes"},"schema":{"@context":"https:\/\/schema.org","@graph":[{"@type":"WebPage","@id":"https:\/\/promis.qc.ca\/en\/service\/francization\/","url":"https:\/\/promis.qc.ca\/en\/service\/francization\/","name":"Francization | PROMIS","isPartOf":{"@id":"https:\/\/promis.qc.ca\/en\/#website"},"primaryImageOfPage":{"@id":"https:\/\/promis.qc.ca\/en\/service\/francization\/#primaryimage"},"image":{"@id":"https:\/\/promis.qc.ca\/en\/service\/francization\/#primaryimage"},"thumbnailUrl":"https:\/\/promis.qc.ca\/wp-content\/uploads\/2024\/10\/02-francisation-2024-05-29-promis-sebastienroy-083-1024x683.jpg","datePublished":"2025-06-11T13:16:40+00:00","dateModified":"2026-04-28T18:03:21+00:00","breadcrumb":{"@id":"https:\/\/promis.qc.ca\/en\/service\/francization\/#breadcrumb"},"inLanguage":"en-US","potentialAction":[{"@type":"ReadAction","target":["https:\/\/promis.qc.ca\/en\/service\/francization\/"]}]},{"@type":"ImageObject","inLanguage":"en-US","@id":"https:\/\/promis.qc.ca\/en\/service\/francization\/#primaryimage","url":"https:\/\/promis.qc.ca\/wp-content\/uploads\/2024\/10\/02-francisation-2024-05-29-promis-sebastienroy-083-1024x683.jpg","contentUrl":"https:\/\/promis.qc.ca\/wp-content\/uploads\/2024\/10\/02-francisation-2024-05-29-promis-sebastienroy-083-1024x683.jpg"},{"@type":"BreadcrumbList","@id":"https:\/\/promis.qc.ca\/en\/service\/francization\/#breadcrumb","itemListElement":[{"@type":"ListItem","position":1,"name":"Home","item":"https:\/\/promis.qc.ca\/en\/"},{"@type":"ListItem","position":2,"name":"Francization"}]},{"@type":"WebSite","@id":"https:\/\/promis.qc.ca\/en\/#website","url":"https:\/\/promis.qc.ca\/en\/","name":"PROMIS","description":"Assistance for immigrants and refugees in Montreal","publisher":{"@id":"https:\/\/promis.qc.ca\/en\/#organization"},"potentialAction":[{"@type":"SearchAction","target":{"@type":"EntryPoint","urlTemplate":"https:\/\/promis.qc.ca\/en\/?s={search_term_string}"},"query-input":{"@type":"PropertyValueSpecification","valueRequired":true,"valueName":"search_term_string"}}],"inLanguage":"en-US"},{"@type":"Organization","@id":"https:\/\/promis.qc.ca\/en\/#organization","name":"Promis","url":"https:\/\/promis.qc.ca\/en\/","logo":{"@type":"ImageObject","inLanguage":"en-US","@id":"https:\/\/promis.qc.ca\/en\/#\/schema\/logo\/image\/","url":"https:\/\/promis.qc.ca\/wp-content\/uploads\/2024\/12\/anim-accueil-v2-3.svg","contentUrl":"https:\/\/promis.qc.ca\/wp-content\/uploads\/2024\/12\/anim-accueil-v2-3.svg","width":1,"height":1,"caption":"Promis"},"image":{"@id":"https:\/\/promis.qc.ca\/en\/#\/schema\/logo\/image\/"},"sameAs":["https:\/\/www.facebook.com\/promisimmigration"]}]}},"_links":{"self":[{"href":"https:\/\/promis.qc.ca\/en\/wp-json\/wp\/v2\/service\/4309","targetHints":{"allow":["GET"]}}],"collection":[{"href":"https:\/\/promis.qc.ca\/en\/wp-json\/wp\/v2\/service"}],"about":[{"href":"https:\/\/promis.qc.ca\/en\/wp-json\/wp\/v2\/types\/service"}],"version-history":[{"count":28,"href":"https:\/\/promis.qc.ca\/en\/wp-json\/wp\/v2\/service\/4309\/revisions"}],"predecessor-version":[{"id":5340,"href":"https:\/\/promis.qc.ca\/en\/wp-json\/wp\/v2\/service\/4309\/revisions\/5340"}],"wp:attachment":[{"href":"https:\/\/promis.qc.ca\/en\/wp-json\/wp\/v2\/media?parent=4309"}],"curies":[{"name":"wp","href":"https:\/\/api.w.org\/{rel}","templated":true}]}}